{"id":424,"date":"2017-01-10T14:33:29","date_gmt":"2017-01-10T14:33:29","guid":{"rendered":"http:\/\/import.getbowtied.com\/shopkeeper-replica\/?page_id=424"},"modified":"2026-04-16T20:43:29","modified_gmt":"2026-04-16T18:43:29","slug":"presentation","status":"publish","type":"page","link":"https:\/\/www.magali-willems.com\/fr\/presentation\/","title":{"rendered":"Pr\u00e9sentation"},"content":{"rendered":"<p>[vc_row full_height=\u00a0\u00bbyes\u00a0\u00bb columns_placement=\u00a0\u00bbstretch\u00a0\u00bb equal_height=\u00a0\u00bbyes\u00a0\u00bb content_placement=\u00a0\u00bbmiddle\u00a0\u00bb columns_height=\u00a0\u00bbadjust_cols_height\u00a0\u00bb background_style=\u00a0\u00bbnormal\u00a0\u00bb][vc_column css=\u00a0\u00bb.vc_custom_1523450878298{background-image: url(http:\/\/www.magali-willems.com\/wp-content\/uploads\/2018\/04\/qui-suis-je.jpg?id=21277) !important;background-position: center !important;background-repeat: no-repeat !important;background-size: cover !important;}\u00a0\u00bb offset=\u00a0\u00bbvc_col-lg-6 vc_col-md-6&Prime;][vc_empty_space height=\u00a0\u00bb350px\u00a0\u00bb][\/vc_column][vc_column css=\u00a0\u00bb.vc_custom_1484433918406{padding-top: 150px !important;padding-right: 16% !important;padding-bottom: 150px !important;padding-left: 16% !important;}\u00a0\u00bb offset=\u00a0\u00bbvc_col-lg-6 vc_col-md-6&Prime;][vc_column_text]<\/p>\n<h3 class=\"page-title on-shop\" style=\"text-align: center;\">Pr\u00e9sentation<\/h3>\n<p>[\/vc_column_text][vc_column_text]<\/p>\n<p style=\"text-align: center;\"><span style=\"color: #808080;\">Artiste Sculpteur Bronzier<br \/>\n<\/span><\/p>\n<p>[\/vc_column_text][vc_separator][vc_row_inner css=\u00a0\u00bb.vc_custom_1443414812412{margin-top: 45px !important;margin-bottom: 25px !important;}\u00a0\u00bb][vc_column_inner][vc_column_text]O\u00f9 commence une passion ?<\/p>\n<p>Je mis un petit doigt \u00e0 la R\u00e9union des Mus\u00e9es Nationaux en 1992 en r\u00e9alisant pour cette prestigieuse institution, des timbres repr\u00e9sentant des \u0153uvres d\u2019Art que j&rsquo;admirais.<br \/>\nJ&rsquo;ai ensuite pris d\u2019autres chemins dont celui de la communication.<\/p>\n<p>L&rsquo;\u00e9merveillement et l&rsquo;envie :<br \/>\nDe mani\u00e8re atypique, lors d\u2019un voyage en 2014 en Afrique, le besoin de cr\u00e9er est devenu une \u00e9vidence.<br \/>\nEn observant tous ces Artistes qui parviennent \u00e0 cr\u00e9er de l&rsquo;\u00e9motion avec si peu de moyens mat\u00e9riels,\u00a0 j&rsquo;ai eu envie. &#8230; puis <a href=\"https:\/\/www.magali-willems.com\/fr\/bronze\/\">j\u2019ai \u00ab\u00a0os\u00e9 essayer\u00a0\u00bb<\/a>.<\/p>\n<p>Voil\u00e0 comment l\u2019\u00e9cole de la vie m\u2019a fait d\u00e9couvrir le bronze\u00a0: une vraie passion\u00a0![\/vc_column_text][\/vc_column_inner][\/vc_row_inner][vc_separator][vc_column_text]<\/p>\n<h3 class=\"page-title on-shop\" style=\"text-align: center;\">Distinctions<\/h3>\n<p>[\/vc_column_text][vc_column_text css=\u00a0\u00bb.vc_custom_1761290932090{margin-left: 15px !important;}\u00a0\u00bb]<\/p>\n<ul>\n<li>M\u00e9daille de l&rsquo;Assembl\u00e9e Nationale &#8211; Yvr\u00e9-le-P\u00f4lin Octobre 2025<\/li>\n<li>M\u00e9daille d&rsquo;Etain &#8211; Arts Sciences et Lettres- Octobre 2025<\/li>\n<li>Grand Prix du Jury &#8211; Soci\u00e9t\u00e9 des Po\u00e8tes et Artistes de France &#8211; Septembre 2025<\/li>\n<li>Masterful Mind Award &#8211; Circle Foundation for the Arts &#8211; Mai 2025<\/li>\n<li>Prix de la Sculpture pour <a href=\"https:\/\/www.magali-willems.com\/fr\/portfolio-item\/libre\/\">\u00ab\u00a0Libre\u00a0\u00bb<\/a> et <a href=\"https:\/\/www.magali-willems.com\/fr\/portfolio-item\/jai-demande-a-la-lune\/\">\u00ab\u00a0J&rsquo;ai demand\u00e9 \u00e0 la lune&#8230;\u00a0\u00bb<\/a> &#8211; Acad\u00e9mie Arts Sciences et lettres &#8211; Juin 2024<\/li>\n<li>Certificat de M\u00e9rite Artistique &#8211; Luxembourg Art Prize 2023<\/li>\n<li>M\u00e9daille de Bronze &#8211; Arts Sciences et Lettres &#8211; Octobre 2023<\/li>\n<li>Finaliste Palma 1.0 Artbox Projects 2022<\/li>\n<li>Dipl\u00f4me de Participation pour son implication au sein de l&rsquo;Echange Culturel Europ\u00e9en &#8211; Europe Expo &#8211; Bruges &#8211; Juillet 2022<\/li>\n<li>Certificat d&rsquo;encouragement &#8211; Luxembourg Art Prize D\u00e9cembre 2020<\/li>\n<li>Prix du Public 2020 pour l&rsquo;oeuvre <a href=\"https:\/\/www.magali-willems.com\/fr\/portfolio-item\/lete-3\/\">\u00ab\u00a0l&rsquo;Et\u00e9\u00a0\u00bb<\/a>&#8211; Soci\u00e9t\u00e9 des Auteurs et Artistes de France (S.A.A.F) &#8211; Octobre 2020<\/li>\n<li>Dipl\u00f4me de Participation pour son implication au sein de l&rsquo;Echange Culturel Europ\u00e9en &#8211; Europe Expo &#8211; Bruges &#8211; Juillet 2020<\/li>\n<li>Prix R\u00e9gion Bretagne \u00ab\u00a0Fusion de la couleur et du m\u00e9tal\u00a0\u00bb Sculpture &#8211;\u00a0 SPAF Septembre 2018<\/li>\n<li>Prix sp\u00e9cial Sculpture avec mention pour l&rsquo;oeuvre \u00ab\u00a0<a href=\"https:\/\/www.magali-willems.com\/fr\/portfolio-item\/le-mystere\/\">Le Myst\u00e8re<\/a>\u00a0\u00bb SPAF Bretagne 2018<\/li>\n<li>Prix de Sculpture \u00e0 V\u00e9zelay &#8211; 59\u00e8me congr\u00e8s SPAF Octobre 2017<\/li>\n<li>1er Prix de Sculpture &#8211; SPAF Bretagne Juin 2017<\/li>\n<li>Dipl\u00f4me d\u2019Honneur avec F\u00e9licitations du Jury pour son travail \u00ab Bronzes en Couleurs \u00bb &#8211; SPAF Septembre 2016<\/li>\n<\/ul>\n<p>[\/vc_column_text][vc_row_inner css=\u00a0\u00bb.vc_custom_1412679223514{margin-top: 35px !important;}\u00a0\u00bb][vc_column_inner][vc_column_text]<\/p>\n<h6 style=\"text-align: left;\">CONTACT<\/h6>\n<p style=\"text-align: left;\">Magali Willems<br \/>\n29 rue Jean Laviquel<br \/>\n56890 Saint-Av\u00e9,<br \/>\nFrance<\/p>\n<p style=\"text-align: left;\">Tel : +33 (0)6 32 21 56 56<br \/>\nEmail: <a href=\"mailto:contact@magali-willems.com\" target=\"_blank\" rel=\"noopener noreferrer\">contact@magali-willems.com<\/a><\/p>\n<p>[\/vc_column_text][\/vc_column_inner][\/vc_row_inner][\/vc_column][\/vc_row]<\/p>","protected":false},"excerpt":{"rendered":"<p>[vc_row full_height=\u00a0\u00bbyes\u00a0\u00bb columns_placement=\u00a0\u00bbstretch\u00a0\u00bb equal_height=\u00a0\u00bbyes\u00a0\u00bb content_placement=\u00a0\u00bbmiddle\u00a0\u00bb columns_height=\u00a0\u00bbadjust_cols_height\u00a0\u00bb background_style=\u00a0\u00bbnormal\u00a0\u00bb][vc_column css=\u00a0\u00bb.vc_custom_1523450878298{background-image: url(http:\/\/www.magali-willems.com\/wp-content\/uploads\/2018\/04\/qui-suis-je.jpg?id=21277) !important;background-position: center !important;background-repeat: no-repeat !important;background-size: cover !important;}\u00a0\u00bb offset=\u00a0\u00bbvc_col-lg-6 vc_col-md-6&Prime;][vc_empty_space height=\u00a0\u00bb350px\u00a0\u00bb][\/vc_column][vc_column css=\u00a0\u00bb.vc_custom_1484433918406{padding-top: 150px !important;padding-right: 16% !important;padding-bottom: 150px !important;padding-left: 16% !important;}\u00a0\u00bb offset=\u00a0\u00bbvc_col-lg-6 vc_col-md-6&Prime;][vc_column_text] Pr\u00e9sentation [\/vc_column_text][vc_column_text] Artiste Sculpteur Bronzier [\/vc_column_text][vc_separator][vc_row_inner css=\u00a0\u00bb.vc_custom_1443414812412{margin-top: 45px !important;margin-bottom: 25px !important;}\u00a0\u00bb][vc_column_inner][vc_column_text]O\u00f9 commence une passion ? Je mis un petit doigt \u00e0 la R\u00e9union des Mus\u00e9es [&hellip;]<\/p>\n","protected":false},"author":3665,"featured_media":0,"parent":0,"menu_order":0,"comment_status":"closed","ping_status":"closed","template":"page-full-width.php","meta":{"_exactmetrics_skip_tracking":false,"_exactmetrics_sitenote_active":false,"_exactmetrics_sitenote_note":"","_exactmetrics_sitenote_category":0,"_vp_format_video_url":"","_vp_image_focal_point":[]},"aioseo_notices":[],"_links":{"self":[{"href":"https:\/\/www.magali-willems.com\/fr\/wp-json\/wp\/v2\/pages\/424"}],"collection":[{"href":"https:\/\/www.magali-willems.com\/fr\/wp-json\/wp\/v2\/pages"}],"about":[{"href":"https:\/\/www.magali-willems.com\/fr\/wp-json\/wp\/v2\/types\/page"}],"author":[{"embeddable":true,"href":"https:\/\/www.magali-willems.com\/fr\/wp-json\/wp\/v2\/users\/3665"}],"replies":[{"embeddable":true,"href":"https:\/\/www.magali-willems.com\/fr\/wp-json\/wp\/v2\/comments?post=424"}],"version-history":[{"count":102,"href":"https:\/\/www.magali-willems.com\/fr\/wp-json\/wp\/v2\/pages\/424\/revisions"}],"predecessor-version":[{"id":24982,"href":"https:\/\/www.magali-willems.com\/fr\/wp-json\/wp\/v2\/pages\/424\/revisions\/24982"}],"wp:attachment":[{"href":"https:\/\/www.magali-willems.com\/fr\/wp-json\/wp\/v2\/media?parent=424"}],"curies":[{"name":"wp","href":"https:\/\/api.w.org\/{rel}","templated":true}]}}