{"id":20270,"date":"2018-02-01T00:45:15","date_gmt":"2018-01-31T23:45:15","guid":{"rendered":"http:\/\/www.magali-willems.com\/?page_id=20270"},"modified":"2026-04-16T20:54:03","modified_gmt":"2026-04-16T18:54:03","slug":"expositions","status":"publish","type":"page","link":"https:\/\/www.magali-willems.com\/fr\/expositions\/","title":{"rendered":"Expositions"},"content":{"rendered":"<p>[vc_row type=\u00a0\u00bbboxed\u00a0\u00bb background_style=\u00a0\u00bbnormal\u00a0\u00bb css=\u00a0\u00bb.vc_custom_1487365316112{margin-top: 75px !important;padding-right: 50px !important;padding-left: 50px !important;}\u00a0\u00bb][vc_column][vc_column_text]<\/p>\n<h3><span style=\"color: #ffffff;\"><strong>2026<\/strong><\/span><\/h3>\n<p>[\/vc_column_text][vc_row_inner][vc_column_inner width=\u00a0\u00bb1\/2&Prime;][vc_column_text]<\/p>\n<h4 style=\"text-align: left;\">PETITE GALERIE<br \/>\nPavillon d&rsquo;en Bas,<br \/>\nAuray, Morbihan<\/h4>\n<p style=\"text-align: left;\"><span style=\"color: #808080;\">Du 17 Avril au 31 Ao\u00fbt 2026<br \/>\nDu mardi au dimanche de 11H \u00e0 18H<\/span><\/p>\n<p>N&rsquo;h\u00e9sitez pas \u00e0 t\u00e9l\u00e9phoner !<br \/>\nTel 06 32 21 56 56<br \/>\nFerm\u00e9 le Lundi<\/p>\n<p style=\"text-align: left;\"><span style=\"color: #808080;\">28 rue Philippe Vannier, Auray, Morbihan<\/span><\/p>\n<p><span style=\"color: #808080;\">\u00a9 google.fr\/maps<\/span><br \/>\n<a href=\"https:\/\/www.google.com\/maps\/place\/28+Rue+Philippe+Vannier,+56400+Auray\/@47.6668794,-2.9797683,17z\/data=!3m1!4b1!4m6!3m5!1s0x4810143d9bcbac8f:0x53042db33def7120!8m2!3d47.6668794!4d-2.9797683!16s%2Fg%2F11c280cgrk\" target=\"_blank\" rel=\"noopener noreferrer\">Pour vous y rendre<\/a>[\/vc_column_text][\/vc_column_inner][vc_column_inner width=\u00a0\u00bb1\/2&Prime;][vc_column_text]<\/p>\n<h4 style=\"text-align: left;\">TALENTS DE FEMMES<br \/>\nSalle des Algues,<br \/>\nLarmor-Plage, Morbihan<\/h4>\n<p style=\"text-align: left;\"><span style=\"color: #808080;\">Samedi 6 et Dimanche 7 Juin 2026<br \/>\nde 10 heures \u00e0 18 heures<\/span><\/p>\n<p style=\"text-align: left;\"><span style=\"color: #808080;\"> 7, Boulevard de Port Maria, Larmor-Plage, Morbihan<\/span><\/p>\n<p><span style=\"color: #808080;\">\u00a9 google.fr\/maps<\/span><br \/>\n<a href=\"https:\/\/www.google.com\/maps\/search\/Salle%20des%20Algues%2C%20Rue%20de%20Beg%20Tal%20Men%2C%20Kerderff%2C%20Le%20Bourg%2C%20Larmor-Plage%2C%20Lorient%2C%20Morbihan%2C%20Bretagne%2C%20France%20m\u00e9tropolitaine%2C%2056260%2C%20France\" target=\"_blank\" rel=\"noopener noreferrer\">Pour vous y rendre<\/a>[\/vc_column_text][\/vc_column_inner][\/vc_row_inner][vc_column_text][\/vc_column_text][vc_column_text]<\/p>\n<h3><strong>2025<\/strong><\/h3>\n<p>[\/vc_column_text][vc_row_inner][vc_column_inner width=\u00a0\u00bb1\/4&Prime;][vc_column_text]<\/p>\n<h5 style=\"text-align: left;\">Exposition \u00ab\u00a0Regards\u00a0\u00bb<br \/>\nAtelier L.G<br \/>\nCarnac, Morbihan<\/h5>\n<p style=\"text-align: left;\"><span style=\"color: #808080;\">Du Samedi 13 au Dimanche 21 D\u00e9cembre 2024<br \/>\nde 10H30 \u00e0 19H<\/span><\/p>\n<p style=\"text-align: left;\"><span style=\"color: #808080;\">8,rue des Thermes, Z.A. de Montauban,<br \/>\nCarnac, Morbihan, France<\/span><\/p>\n<p><span style=\"color: #808080;\">\u00a9 google.fr\/maps<\/span><br \/>\n<a href=\"https:\/\/www.google.com\/maps\/place\/Loraine+Grassin+Mosa\u00efste\/@47.5901587,-3.0601402,17z\/data=!3m1!4b1!4m6!3m5!1s0x48106d38e3ba0ea7:0x26f2c4828dbc07e4!8m2!3d47.5901587!4d-3.0601402!16s%2Fg%2F1ptx58dy1?entry=ttu&amp;g_ep=EgoyMDI1MTEyMy4xIKXMDSoASAFQAw%3D%3D\" target=\"_blank\" rel=\"noopener noreferrer\">Pour vous y rendre<\/a>[\/vc_column_text][\/vc_column_inner][vc_column_inner width=\u00a0\u00bb1\/4&Prime;][vc_column_text]<\/p>\n<h5 style=\"text-align: left;\">Salon National Peinture et Sculpture<br \/>\nLions Club Lyon Mont d&rsquo;Or<br \/>\nSaint-Cyr-au-Mont-d&rsquo;Or, Rh\u00f4ne<\/h5>\n<p style=\"text-align: left;\"><span style=\"color: #808080;\">Du Samedi 25 Octobre au Dimanche 2 Novembre 2025<\/span><\/p>\n<p>&nbsp;<\/p>\n<p><span style=\"color: #808080;\">\u00a9 google.fr\/maps<\/span><br \/>\n<a href=\"https:\/\/www.google.com\/maps\/dir\/\/Salle+des+f\u00eates+%22La+Source%22,+10+Rue+Jean+et+Catherine+Reynier,+69450+Saint-Cyr-au-Mont-d'Or\/@45.8166386,4.735165,12z\/data=!3m1!5s0x47f494c74df3d8f5:0x7ea4e3208bd8fbce!4m8!4m7!1m0!1m5!1m1!1s0x47f494db45e354a3:0x46ea62ad7d03de92!2m2!1d4.8177376!2d45.8165487?entry=ttu&amp;g_ep=EgoyMDI1MDgwNi4wIKXMDSoASAFQAw%3D%3D\" target=\"_blank\" rel=\"noopener noreferrer\">Pour vous y rendre<\/a>[\/vc_column_text][\/vc_column_inner][vc_column_inner width=\u00a0\u00bb1\/4&Prime;][vc_column_text]<\/p>\n<h5 style=\"text-align: left;\">12\u00e8me Salon International<br \/>\nJARDINS DU BOIS FLEURI<br \/>\nYvr\u00e9-Le-P\u00f4lin, Pays de la Loire<\/h5>\n<p style=\"text-align: left;\"><span style=\"color: #808080;\">Samedi 18 et dimanche 19 Octobre 2025<\/span><\/p>\n<p style=\"text-align: left;\"><span style=\"color: #808080;\">Salle polyvalente &#8211; Yvr\u00e9 le P\u00f4lin<\/span><\/p>\n<p><span style=\"color: #808080;\">\u00a9 google.fr\/maps<\/span><br \/>\n<a href=\"https:\/\/www.google.com\/maps\/dir\/\/salle+polyvalente+yvr\u00e9+le+polin\/@47.8343352,0.046891,12z?entry=ttu&amp;g_ep=EgoyMDI1MDgwNi4wIKXMDSoASAFQAw%3D%3D\" target=\"_blank\" rel=\"noopener noreferrer\">Pour vous y rendre<\/a>[\/vc_column_text][\/vc_column_inner][vc_column_inner width=\u00a0\u00bb1\/4&Prime;][vc_column_text]<\/p>\n<h5 style=\"text-align: left;\">66\u00e8me Congr\u00e8s International de la <strong>S<\/strong>OCI\u00c9T\u00c9 des <strong>P<\/strong>O\u00c8TES et <strong>A<\/strong>RTISTES de <strong>F<\/strong>RANCE<br \/>\nValpr\u00e9<br \/>\nEcully, Rh\u00f4ne<\/h5>\n<p style=\"text-align: left;\"><span style=\"color: #808080;\">Du Vendredi 5 au Dimanche 7 Septembre 2025<\/span><\/p>\n<p><span style=\"color: #808080;\">\u00a9 google.fr\/maps<\/span><br \/>\n<a href=\"https:\/\/www.google.com\/maps\/dir\/\/H\u00f4tel+Valpr\u00e9+1+Chem.+de+Chalin+69130+\u00c9cully\/@45.777712,4.7880011,17z\/data=!4m8!4m7!1m0!1m5!1m1!1s0x47f4eb6306c031af:0xcd024fa8785dfc60!2m2!1d4.7906652!2d45.7776597?entry=ttu&amp;g_ep=EgoyMDI1MDgwNi4wIKXMDSoASAFQAw%3D%3D\" target=\"_blank\" rel=\"noopener noreferrer\">Pour vous y rendre<\/a>[\/vc_column_text][\/vc_column_inner][\/vc_row_inner][vc_row_inner][vc_column_inner width=\u00a0\u00bb1\/3&Prime;][vc_column_text]<\/p>\n<h5 style=\"text-align: left;\">PETITE GALERIE<br \/>\nPavillon d&rsquo;en Bas,<br \/>\nAuray, Morbihan<\/h5>\n<p style=\"text-align: left;\"><span style=\"color: #808080;\">Du 1er Mai au 31 Ao\u00fbt 2025<\/span><\/p>\n<p style=\"text-align: left;\"><span style=\"color: #808080;\">28 rue Philippe Vannier, Auray, Morbihan<\/span><\/p>\n<p><span style=\"color: #808080;\">\u00a9 google.fr\/maps<\/span><br \/>\n<a href=\"https:\/\/www.google.com\/maps\/place\/28+Rue+Philippe+Vannier,+56400+Auray\/@47.6668794,-2.9797683,17z\/data=!3m1!4b1!4m6!3m5!1s0x4810143d9bcbac8f:0x53042db33def7120!8m2!3d47.6668794!4d-2.9797683!16s%2Fg%2F11c280cgrk\" target=\"_blank\" rel=\"noopener noreferrer\">Pour vous y rendre<\/a>[\/vc_column_text][\/vc_column_inner][vc_column_inner width=\u00a0\u00bb1\/3&Prime;][vc_column_text]<\/p>\n<h5 style=\"text-align: left;\">9\u00e8me SALON D&rsquo;ART<br \/>\nSalle du Verger<br \/>\nBerric, Morbihan<\/h5>\n<p style=\"text-align: left;\"><span style=\"color: #808080;\">Du Vendredi 18 au Lundi 21 Avril 2025<br \/>\nde 10h \u00e0 18h<\/span><\/p>\n<p>&nbsp;<\/p>\n<p><span style=\"color: #808080;\">\u00a9 google.fr\/maps<\/span><br \/>\n<a href=\"https:\/\/www.google.fr\/maps\/place\/Mairie+-+salle+du+verger\/@47.6299569,-2.5277948,17z\/data=!3m1!4b1!4m6!3m5!1s0x480fe58f2aee8345:0x751b99f747990470!8m2!3d47.6299533!4d-2.5252199!16s%2Fg%2F11b6dgj4kp?entry=ttu&amp;g_ep=EgoyMDI1MDMwNC4wIKXMDSoASAFQAw%3D%3D\" target=\"_blank\" rel=\"noopener noreferrer\">Pour vous y rendre<\/a>[\/vc_column_text][\/vc_column_inner][vc_column_inner width=\u00a0\u00bb1\/3&Prime;][vc_column_text]<\/p>\n<h5 style=\"text-align: left;\">TALENTS DE FEMMES<br \/>\nPalais des Arts<br \/>\nVannes, Morbihan<\/h5>\n<p style=\"text-align: left;\"><span style=\"color: #808080;\">Samedi 15 et dimanche 16 Mars 2025<\/span><\/p>\n<p><span style=\"color: #808080;\">\u00a9 google.fr\/maps<\/span><br \/>\n<a href=\"https:\/\/www.google.fr\/maps\/place\/Palais+des+Arts+et+des+Congr\u00e8s\/@47.6620063,-2.7637269,17z\/data=!3m2!4b1!5s0x48101e909c3864cf:0x7966d491409f8b0a!4m6!3m5!1s0x48101e9a7877eaef:0xa2de3b1febc07f19!8m2!3d47.6620027!4d-2.761152!16s%2Fg%2F122kc9dl?entry=ttu&amp;g_ep=EgoyMDI1MDMwNC4wIKXMDSoASAFQAw%3D%3D\" target=\"_blank\" rel=\"noopener noreferrer\">Pour vous y rendre<\/a>[\/vc_column_text][\/vc_column_inner][\/vc_row_inner][vc_column_text]<\/p>\n<h3><strong>2024<\/strong><\/h3>\n<p>[\/vc_column_text][vc_row_inner][vc_column_inner width=\u00a0\u00bb1\/5&Prime;][vc_column_text]<\/p>\n<h5 style=\"text-align: left;\">ATELIER L.G<br \/>\nCarnac<\/h5>\n<p style=\"text-align: left;\"><span style=\"color: #808080;\">Du 14 D\u00e9cembre au 22 D\u00e9cembre 2024<\/span><\/p>\n<p style=\"text-align: left;\"><span style=\"color: #808080;\">8,rue des Thermes, Z.A. de Montauban,<br \/>\nCarnac, Morbihan, France<\/span><\/p>\n<p><a href=\"https:\/\/www.google.com\/maps\/dir\/CONCEPT+OPUS+ATELIER+LG\/CONCEPT+OPUS+ATELIER+LG,+8,+rue+des+Thermes,+Z.A.+de+Montauban,+56340+Carnac\/@47.5901292,-3.1425409,12z\/data=!3m1!4b1!4m14!4m13!1m5!1m1!1s0x48106d38e3ba0ea7:0x26f2c4828dbc07e4!2m2!1d-3.0601778!2d47.5901525!1m5!1m1!1s0x48106d38e3ba0ea7:0x26f2c4828dbc07e4!2m2!1d-3.0601778!2d47.5901525!3e0?entry=ttu&amp;g_ep=EgoyMDI0MTEwNi4wIKXMDSoASAFQAw%3D%3D\"><span style=\"color: #808080;\">\u00a9 google.fr\/maps<\/span><\/a>[\/vc_column_text][\/vc_column_inner][vc_column_inner width=\u00a0\u00bb1\/5&Prime;][vc_column_text]<\/p>\n<h5 style=\"text-align: left;\">JOURNEES PATRIMOINE<br \/>\nChapelle de Mangol\u00e9rian<br \/>\nMonterblanc<\/h5>\n<p style=\"text-align: left;\"><span style=\"color: #808080;\">21 et 22 Septembre 2024<\/span><\/p>\n<p style=\"text-align: left;\"><span style=\"color: #808080;\">Chapelle de Mangol\u00e9rian, Monterblanc, Morbihan, France<\/span><\/p>\n<p>[\/vc_column_text][\/vc_column_inner][vc_column_inner width=\u00a0\u00bb1\/5&Prime;][vc_column_text]<\/p>\n<h5 style=\"text-align: left;\">PETITE GALERIE<br \/>\nPavillon d&rsquo;en Bas<br \/>\nSt Goustan<br \/>\nAuray<\/h5>\n<p style=\"text-align: left;\"><span style=\"color: #808080;\">Du 27 Avril au 1er Septembre 2024<\/span><\/p>\n<p style=\"text-align: left;\"><span style=\"color: #808080;\">28 rue Philippe Vannier, Auray, Morbihan, France<\/span><\/p>\n<p><span style=\"color: #808080;\">\u00a9 google.fr\/maps<\/span><br \/>\n<a href=\"https:\/\/www.google.com\/maps\/place\/28+Rue+Philippe+Vannier,+56400+Auray\/@47.6668794,-2.9797683,17z\/data=!3m1!4b1!4m6!3m5!1s0x4810143d9bcbac8f:0x53042db33def7120!8m2!3d47.6668794!4d-2.9797683!16s%2Fg%2F11c280cgrk\" target=\"_blank\" rel=\"noopener noreferrer\">Pour vous y rendre<\/a>[\/vc_column_text][\/vc_column_inner][vc_column_inner width=\u00a0\u00bb1\/5&Prime;][vc_column_text]<\/p>\n<h5 style=\"text-align: left;\">Salon d&rsquo; Et\u00e9 2024<br \/>\nArts-Sciences-Lettres<br \/>\nGalerie Thuillier<br \/>\nParis<\/h5>\n<p style=\"text-align: left;\"><span style=\"color: #808080;\">Du Vendredi 28 Juin au Jeudi 4 Juillet 2024<\/span><\/p>\n<p style=\"text-align: left;\"><span style=\"color: #808080;\">Galerie Thuillier<br \/>\n13 rue de Thorigny<br \/>\n75003 PARIS\u00a0<\/span><\/p>\n<p><span style=\"color: #808080;\">\u00a9 google.fr\/maps<\/span><br \/>\n<a href=\"https:\/\/www.google.fr\/maps\/place\/Galerie+Thuillier\/@48.8600578,2.3606784,17z\/data=!3m2!4b1!5s0x47e66e0137f5d3ff:0x56313fe9fb44b800!4m6!3m5!1s0x47e66e013999cec5:0x92401566b9123b0d!8m2!3d48.8600578!4d2.3632533!16s%2Fg%2F1tq4qd8v?entry=ttu\" target=\"_blank\" rel=\"noopener noreferrer\">Pour vous y rendre\u00a0<\/a>[\/vc_column_text][\/vc_column_inner][vc_column_inner width=\u00a0\u00bb1\/5&Prime;][vc_column_text]<\/p>\n<h5 style=\"text-align: left;\">F\u00e9minit\u00e9s<br \/>\nMairie de Pluvigner<br \/>\nPluvigner<\/h5>\n<p style=\"text-align: left;\"><span style=\"color: #808080;\">Du 2 Mars au 27 Mars 2024<\/span><\/p>\n<p style=\"text-align: left;\"><span style=\"color: #808080;\">Mairie de Pluvigner, Morbihan, France<\/span><\/p>\n<p><span style=\"color: #808080;\">\u00a9 google.fr\/maps<\/span><br \/>\n<a href=\"https:\/\/www.google.fr\/maps\/place\/Mairie+de+Pluvigner\/@47.7772709,-3.0121796,17z\/data=!3m1!4b1!4m6!3m5!1s0x48103c7fd139a20b:0x9a125d1765f9be85!8m2!3d47.7772709!4d-3.0096047!16s%2Fg%2F11b6dtnbb6?entry=ttu\" target=\"_blank\" rel=\"noopener noreferrer\">Pour vous y rendre<\/a>[\/vc_column_text][\/vc_column_inner][\/vc_row_inner][vc_column_text]<\/p>\n<h3><strong>2023<\/strong><\/h3>\n<p>[\/vc_column_text][vc_row_inner][vc_column_inner width=\u00a0\u00bb1\/4&Prime;][vc_column_text]<\/p>\n<h5 style=\"text-align: left;\">Petite Galerie<br \/>\nPavillon d&rsquo;en Bas<br \/>\nSt Goustan<br \/>\nAuray<\/h5>\n<p style=\"text-align: left;\"><span style=\"color: #808080;\">Du 8 D\u00e9cembre 2023 au 8 Janvier 2024<\/span><\/p>\n<p style=\"text-align: left;\"><span style=\"color: #808080;\"><br \/>\n<\/span><span style=\"color: #808080;\">69 rue du Ch\u00e2teau, Auray, Morbihan, France<\/span><\/p>\n<p><span style=\"color: #808080;\">\u00a9 google.fr\/maps<\/span><br \/>\n<a href=\"https:\/\/www.google.com\/maps\/place\/28+Rue+Philippe+Vannier,+56400+Auray\/@47.6668794,-2.9797683,17z\/data=!3m1!4b1!4m6!3m5!1s0x4810143d9bcbac8f:0x53042db33def7120!8m2!3d47.6668794!4d-2.9797683!16s%2Fg%2F11c280cgrk\" target=\"_blank\" rel=\"noopener noreferrer\">Pour vous y rendre<\/a>[\/vc_column_text][\/vc_column_inner][vc_column_inner width=\u00a0\u00bb1\/4&Prime;][vc_column_text]<\/p>\n<h5 style=\"text-align: left;\">Petite Galerie<br \/>\nPavillon d&rsquo;en Bas<br \/>\nSt Goustan<br \/>\nAuray<\/h5>\n<p style=\"text-align: left;\"><span style=\"color: #808080;\">Du 15 Avril au 28 Septembre 2023<br \/>\n<\/span><\/p>\n<p style=\"text-align: left;\"><span style=\"color: #808080;\">28 rue Philippe Vannier, Auray, Morbihan, France<\/span><\/p>\n<p><span style=\"color: #808080;\">\u00a9 google.fr\/maps<\/span><br \/>\n<a href=\"https:\/\/www.google.com\/maps\/place\/28+Rue+Philippe+Vannier,+56400+Auray\/@47.6668794,-2.9797683,17z\/data=!3m1!4b1!4m6!3m5!1s0x4810143d9bcbac8f:0x53042db33def7120!8m2!3d47.6668794!4d-2.9797683!16s%2Fg%2F11c280cgrk\" target=\"_blank\" rel=\"noopener noreferrer\">Pour vous y rendre<\/a>[\/vc_column_text][\/vc_column_inner][vc_column_inner width=\u00a0\u00bb1\/4&Prime;][vc_column_text]<\/p>\n<h5 style=\"text-align: left;\">7\u00e8me Salon d&rsquo;Art<br \/>\nBerric<\/h5>\n<p style=\"text-align: left;\"><span style=\"color: #808080;\">Du Vendredi 8 au Lundi 10 Avril 2023<br \/>\nde 10h \u00e0 18 heures <\/span><\/p>\n<p style=\"text-align: left;\"><span style=\"color: #808080;\">Salle omnisport de Berric, Morbihan, France<\/span><\/p>\n<p><span style=\"color: #808080;\">\u00a9 google.fr\/maps<\/span><br \/>\n<a href=\"https:\/\/www.gralon.net\/mairies-france\/morbihan\/equipement-sportif-salle-omnisport-complexe-sportif-berric-6449.htm\" target=\"_blank\" rel=\"noopener noreferrer\">Pour vous y rendre <\/a><a href=\"https:\/\/galeriethuillier.com\/\" target=\"_blank\" rel=\"noopener noreferrer\"><br \/>\n<\/a>[\/vc_column_text][\/vc_column_inner][vc_column_inner width=\u00a0\u00bb1\/4&Prime;][vc_column_text]<\/p>\n<h5 style=\"text-align: left;\">Le Prix du Jury 2023<br \/>\nGalerie Thuillier<br \/>\nParis 3\u00e8me<\/h5>\n<p style=\"text-align: left;\"><span style=\"color: #808080;\">Du Vendredi 3 au Jeudi 16 F\u00e9vrier 2023<\/span><span style=\"color: #808080;\"><br \/>\n<\/span><span style=\"color: #808080;\">Galerie Thuillier<br \/>\n13 rue de Thorigny<br \/>\n75003 PARIS\u00a0<\/span><\/p>\n<p><span style=\"color: #808080;\">\u00a9 google.fr\/maps<\/span><br \/>\n<a href=\"https:\/\/www.google.fr\/maps\/place\/Galerie+Thuillier\/@48.8600613,2.3610646,17z\/data=!3m1!4b1!4m5!3m4!1s0x47e66e013999cec5:0x92401566b9123b0d!8m2!3d48.8600849!4d2.3632206\" target=\"_blank\" rel=\"noopener noreferrer\">Pour vous y rendre (quartier du Marais)<\/a>[\/vc_column_text][\/vc_column_inner][\/vc_row_inner][vc_row_inner][vc_column_inner width=\u00a0\u00bb1\/3&Prime;][vc_column_text]<\/p>\n<h5 style=\"text-align: left;\">Espace Giacomini<br \/>\nSart\u00e8ne<br \/>\nCorse<\/h5>\n<p style=\"text-align: left;\"><span style=\"color: #808080;\">A partir du 15 F\u00e9vrier 2023<\/span><\/p>\n<p style=\"text-align: left;\"><span style=\"color: #808080;\">Ouvert tous les jours<br \/>\nde 10h \u00e0 19 heures <\/span><\/p>\n<p style=\"text-align: left;\"><span style=\"color: #808080;\">Espace Giacomini, 6 cours Soeur Am\u00e9lie, Sart\u00e8ne, Corse,<\/span><span style=\"color: #808080;\"> France<\/span><\/p>\n<p><span style=\"color: #808080;\">\u00a9 google.fr\/maps<\/span><br \/>\n<a href=\"https:\/\/www.google.com\/maps\/place\/6+Cr+Soeur+Am\u00e9lie,+20100+Sart\u00e8ne\/@41.6201415,8.9693899,16.28z\/data=!4m5!3m4!1s0x12da324dbb592e43:0x5d9a49073e0e069d!8m2!3d41.620318!4d8.9722174?hl=fr\" target=\"_blank\" rel=\"noopener noreferrer\">Pour vous y rendre <\/a>[\/vc_column_text][\/vc_column_inner][vc_column_inner width=\u00a0\u00bb1\/3&Prime;][vc_column_text]<\/p>\n<h5 style=\"text-align: left;\">Exposition<br \/>\nau Ch\u00e2teau de Lagord<\/h5>\n<p style=\"text-align: left;\"><span style=\"color: #808080;\">du 25 Janvier au 22 F\u00e9vrier 2023<br \/>\ntous les jours\u00a0 <\/span><\/p>\n<p style=\"text-align: left;\"><span style=\"color: #808080;\">H\u00f4tel du Ch\u00e2teau, Lagord, Charentes Maritimes, France<br \/>\n<\/span><\/p>\n<p><span style=\"color: #808080;\">\u00a9 google.fr\/maps<\/span><br \/>\n<a href=\"https:\/\/www.hotel-du-chateau-la-rochelle.com\/fr\">Se rendre \u00e0 l&rsquo;exposition<\/a>[\/vc_column_text][\/vc_column_inner][vc_column_inner width=\u00a0\u00bb1\/3&Prime;][\/vc_column_inner][\/vc_row_inner][vc_column_text]<\/p>\n<h3><strong>2022<\/strong><\/h3>\n<p>[\/vc_column_text][vc_row_inner][vc_column_inner width=\u00a0\u00bb1\/5&Prime;][vc_column_text]<\/p>\n<h5 style=\"text-align: left;\">Palma 1.0<br \/>\nArtBox projects<br \/>\nCasa Del Arte\u00a0 Espagne<\/h5>\n<p style=\"text-align: left;\"><span style=\"color: #808080;\">Du Lundi 24 Octobre au Samedi 5 Novembre 2022<\/span><span style=\"color: #808080;\"><br \/>\n<\/span><span style=\"color: #808080;\">Casa Del Arte<br \/>\nCosta d&rsquo;en Brossa 4B&lt; Palma de Majorca Espagne \/span&gt;<\/span><\/p>\n<p>\u00a9 google.fr\/maps<br \/>\n<a href=\"https:\/\/www.google.fr\/maps\/place\/Galerie+Thuillier\/@48.8600613,2.3610646,17z\/data=!3m1!4b1!4m5!3m4!1s0x47e66e013999cec5:0x92401566b9123b0d!8m2!3d48.8600849!4d2.3632206\" target=\"_blank\" rel=\"noopener noreferrer\">Pour vous y rendre\u00a0<\/a><a href=\"https:\/\/www.casadelartepalma.com\/en\" target=\"_blank\" rel=\"noopener noreferrer\"><br \/>\n<span style=\"color: #808080;\"><br \/>\nwww.casadelarte.com<\/span><\/a>[\/vc_column_text][\/vc_column_inner][vc_column_inner width=\u00a0\u00bb1\/5&Prime;][vc_column_text]<\/p>\n<h5 style=\"text-align: left;\">2\u00e8me Expo Internationale<br \/>\nd&rsquo;Arts Plastiques<br \/>\nLa Rochelle<\/h5>\n<p style=\"text-align: left;\"><span style=\"color: #808080;\">du 20 Octobre au 4 Novembre 2022<\/span><\/p>\n<p>&nbsp;<\/p>\n<p style=\"text-align: left;\"><span style=\"color: #808080;\">Salle de l&rsquo;Oratoire, La Rochelle, Charentes Maritimes, France<\/span><\/p>\n<p><span style=\"color: #808080;\">\u00a9 google.fr\/maps<\/span><br \/>\n<a href=\"https:\/\/www.google.com\/maps\/place\/Le+Chorus\/@47.63614,-2.7652316,15z\/data=!4m5!3m4!1s0x0:0x58d5afc37fa0d4b4!8m2!3d47.63614!4d-2.7652316\">Se rendre \u00e0 l&rsquo;exposition<\/a>[\/vc_column_text][\/vc_column_inner][vc_column_inner width=\u00a0\u00bb1\/5&Prime;][vc_column_text]<\/p>\n<h5 style=\"text-align: left;\">Salon de la Rentr\u00e9e 2022<br \/>\nGalerie Thuillier<br \/>\nParis 3\u00e8me<\/h5>\n<p style=\"text-align: left;\"><span style=\"color: #808080;\">Du Vendredi 2 au Jeudi 15 Septembre 2022<\/span><span style=\"color: #808080;\"><br \/>\n<\/span><span style=\"color: #808080;\">Galerie Thuillier<br \/>\n13 rue de Thorigny<br \/>\n75003 PARIS\u00a0<\/span><\/p>\n<p><span style=\"color: #808080;\">\u00a9 google.fr\/maps<\/span><br \/>\n<a href=\"https:\/\/www.google.fr\/maps\/place\/Galerie+Thuillier\/@48.8600613,2.3610646,17z\/data=!3m1!4b1!4m5!3m4!1s0x47e66e013999cec5:0x92401566b9123b0d!8m2!3d48.8600849!4d2.3632206\" target=\"_blank\" rel=\"noopener noreferrer\">Pour vous y rendre (quartier du Marais)<\/a><a href=\"https:\/\/galeriethuillier.com\/\" target=\"_blank\" rel=\"noopener noreferrer\"><br \/>\n<span style=\"color: #808080;\"><br \/>\nwww.galeriethuillier.com<\/span><\/a>[\/vc_column_text][\/vc_column_inner][vc_column_inner width=\u00a0\u00bb1\/5&Prime;][vc_column_text]<\/p>\n<h5 style=\"text-align: left;\">19\u00e8me Salon Europ\u00e9en<br \/>\nEuro Expo<br \/>\nBelgique<\/h5>\n<p style=\"text-align: left;\"><span style=\"color: #808080;\">Du Jeudi 14 au Dimanche 17 Juillet 2022<\/span><span style=\"color: #808080;\"><br \/>\n<\/span><span style=\"color: #808080;\">Beffroi de Bruges<br \/>\nBruges, Belgique\u00a0\u00a0<\/span><\/p>\n<p><span style=\"color: #808080;\">\u00a9 google.fr\/maps<\/span><br \/>\n<a href=\"https:\/\/www.google.fr\/maps\/place\/Beffroi+de+Bruges\/@51.2081466,3.2248011,17z\/data=!3m1!4b1!4m5!3m4!1s0x47c350daa9690e8b:0x69546ff963bd8158!8m2!3d51.2081466!4d3.2248011\" target=\"_blank\" rel=\"noopener noreferrer\">Pour vous rendre au beffroi de Bruges<\/a><a href=\"https:\/\/www.google.com\/maps\/place\/Palais+des+Arts+et+des+Congr%C3%A8s\/@47.6620063,-2.7633407,17z\/data=!3m1!4b1!4m5!3m4!1s0x48101e9a7877eaef:0xa2de3b1febc07f19!8m2!3d47.6620027!4d-2.761152\" target=\"_blank\" rel=\"noopener noreferrer\"><br \/>\n<span style=\"color: #808080;\"><br \/>\n<\/span><\/a><a href=\"http:\/\/www.visiterbruges.com\/beffroi\" target=\"_blank\" rel=\"noopener noreferrer\">https:\/\/www.visiterbruges.com<\/a>[\/vc_column_text][\/vc_column_inner][vc_column_inner width=\u00a0\u00bb1\/5&Prime;][vc_column_text]<\/p>\n<h5 style=\"text-align: left;\">Exposition \u00ab\u00a0Talents de Femmes\u00a0\u00bb<br \/>\nLe Chorus<br \/>\nVannes<\/h5>\n<p style=\"text-align: left;\"><span style=\"color: #808080;\">Samedi 12 et Dimanche 13 Mars 2022<br \/>\n<\/span><\/p>\n<p style=\"text-align: left;\"><span style=\"color: #808080;\">Le Chorus, Vannes, Morbihan, France<\/span><\/p>\n<p><span style=\"color: #808080;\">\u00a9 google.fr\/maps<\/span><br \/>\n<a href=\"https:\/\/www.google.com\/maps\/place\/Le+Chorus\/@47.63614,-2.7652316,15z\/data=!4m5!3m4!1s0x0:0x58d5afc37fa0d4b4!8m2!3d47.63614!4d-2.7652316\">Se rendre \u00e0 l&rsquo;exposition<\/a><\/p>\n<p><a href=\"https:\/\/www.soroptimist.fr\/annuaire\/?cat=sculpture\" target=\"_blank\" rel=\"noopener noreferrer\">Soroptimist<\/a>[\/vc_column_text][\/vc_column_inner][\/vc_row_inner][vc_column_text]<\/p>\n<h3><strong>2021<\/strong><\/h3>\n<p>[\/vc_column_text][vc_row_inner][vc_column_inner width=\u00a0\u00bb1\/3&Prime;][vc_column_text]<\/p>\n<h5 style=\"text-align: left;\">March\u00e9 de No\u00ebl de Baden<\/h5>\n<p style=\"text-align: left;\"><span style=\"color: #808080;\">Samedi 4 et Dimanche 5 D\u00e9cembre 2021<br \/>\n<\/span><span style=\"color: #808080;\"><br \/>\n<\/span><\/p>\n<p><span style=\"color: #808080;\">Salle Omnisport du Tumulus, Baden, Morbihan, France<\/span>[\/vc_column_text][\/vc_column_inner][\/vc_row_inner][vc_column_text]<\/p>\n<h3><strong>2020<\/strong><\/h3>\n<p>[\/vc_column_text][vc_row_inner][vc_column_inner width=\u00a0\u00bb1\/3&Prime;][vc_column_text]<\/p>\n<h5 style=\"text-align: left;\">Ch\u00e2teau de Dissay<br \/>\nCulture et Patrimoine<\/h5>\n<p style=\"text-align: left;\"><span style=\"color: #808080;\">Samedi 17 et Dimanche 18 Octobre 2020<br \/>\nde 10 heures \u00e0 19 heures<br \/>\n<\/span><\/p>\n<p style=\"text-align: left;\"><span style=\"color: #808080;\">Ch\u00e2teau de Dissay, Vienne, France<\/span><\/p>\n<p><span style=\"color: #808080;\">\u00a9 google.fr\/maps<\/span><br \/>\n<a href=\"https:\/\/www.google.fr\/maps\/place\/46%C2%B042'00.0%22N+0%C2%B024'00.0%22E\/@46.7,0.3978113,17z\/data=!3m1!4b1!4m5!3m4!1s0x0:0x0!8m2!3d46.7!4d0.4\">Se rendre au Ch\u00e2teau de Dissay<\/a><\/p>\n<p><a href=\"https:\/\/chateaudedissay.com\/fr\/\" target=\"_blank\" rel=\"noopener noreferrer\">D\u00e9couvrir le Ch\u00e2teau :<br \/>\n<span style=\"color: #808080;\">\u00a9 Ch\u00e2teau de Dissay.com <\/span><\/a><\/p>\n<p>[\/vc_column_text][\/vc_column_inner][vc_column_inner width=\u00a0\u00bb1\/3&Prime;][vc_column_text]<\/p>\n<h5 style=\"text-align: left;\">17\u00e8me salon europ\u00e9en<br \/>\nEuro Expo<\/h5>\n<p style=\"text-align: left;\"><span style=\"color: #808080;\">Du 28 au 31 Ao\u00fbt <\/span><span style=\"color: #808080;\">2020<br \/>\n<\/span><span style=\"color: #808080;\">Beffroi de Bruges<br \/>\nBruges, Belgique\u00a0\u00a0<\/span><\/p>\n<p><span style=\"color: #808080;\">\u00a9 google.fr\/maps<\/span><br \/>\n<a href=\"https:\/\/www.google.fr\/maps\/place\/Beffroi+de+Bruges\/@51.2081466,3.2248011,17z\/data=!3m1!4b1!4m5!3m4!1s0x47c350daa9690e8b:0x69546ff963bd8158!8m2!3d51.2081466!4d3.2248011\" target=\"_blank\" rel=\"noopener noreferrer\">Pour vous rendre au beffroi de Bruges<\/a><a href=\"https:\/\/www.google.com\/maps\/place\/Palais+des+Arts+et+des+Congr%C3%A8s\/@47.6620063,-2.7633407,17z\/data=!3m1!4b1!4m5!3m4!1s0x48101e9a7877eaef:0xa2de3b1febc07f19!8m2!3d47.6620027!4d-2.761152\" target=\"_blank\" rel=\"noopener noreferrer\"><br \/>\n<span style=\"color: #808080;\"><br \/>\n<\/span><\/a><a href=\"http:\/\/www.visiterbruges.com\/beffroi\" target=\"_blank\" rel=\"noopener noreferrer\">https:\/\/www.visiterbruges.com<\/a>[\/vc_column_text][\/vc_column_inner][vc_column_inner width=\u00a0\u00bb1\/3&Prime;][vc_column_text]<\/p>\n<h5 style=\"text-align: left;\">Abbadiale &#8211; Maison des Arts<\/h5>\n<p style=\"text-align: left;\"><span style=\"color: #808080;\">27 Juillet au 10 Ao\u00fbt 2020<br \/>\n<\/span><span style=\"color: #808080;\">Maison des Arts<br \/>\n<\/span><span style=\"color: #808080;\">Arras en Lavedan, Hautes-Pyr\u00e9nn\u00e9es, France<\/span><\/p>\n<p><span style=\"color: #808080;\">\u00a9 google.fr\/maps<\/span><br \/>\n<a href=\"https:\/\/www.google.fr\/maps\/place\/L'Abbadiale\/@42.9908495,-0.1298068,17z\/data=!3m1!4b1!4m5!3m4!1s0xd57dae89a1e6ff1:0x1fd06c417bcafefa!8m2!3d42.9908495!4d-0.1276181\" target=\"_blank\" rel=\"noopener noreferrer\">Comment aller \u00e0 l&rsquo;abbadiale<\/a><a href=\"http:\/\/www.abbadiale.fr\/\" target=\"_blank\" rel=\"noopener noreferrer\"><br \/>\n<span style=\"color: #808080;\">\u00a9 abbadiale.fr<br \/>\n<\/span><\/a><a href=\"https:\/\/www.abbadiale.fr\" target=\"_blank\" rel=\"noopener noreferrer\">https:\/\/www.abbadiale.fr<\/a>[\/vc_column_text][\/vc_column_inner][\/vc_row_inner][vc_column_text]<\/p>\n<h3><strong>2019<\/strong><\/h3>\n<p>[\/vc_column_text][vc_row_inner css=\u00a0\u00bb.vc_custom_1410358939666{margin-bottom: 20px !important;}\u00a0\u00bb][vc_column_inner width=\u00a0\u00bb1\/4&Prime;][vc_column_text]<\/p>\n<h5 style=\"text-align: left;\">L&rsquo;Expression par la Mati\u00e8re<\/h5>\n<p style=\"text-align: left;\"><span style=\"color: #808080;\">Du 13 au 15 D\u00e9c<\/span><span style=\"color: #808080;\">embre <\/span><span style=\"color: #808080;\">2019 <\/span><span style=\"color: #808080;\"><br \/>\nAtelier L.G<br \/>\n8 rue des Thermes<br \/>\nZ.A de Montauban<br \/>\n56340 CARNAC <\/span><\/p>\n<p><span style=\"color: #808080;\">\u00a9 google.fr\/maps<\/span><br \/>\n<a href=\"https:\/\/www.google.com\/maps\/place\/CONCEPT+OPUS+ATELIER+LG\/@47.590234,-3.060463,15z\/data=!4m2!3m1!1s0x0:0x26f2c4828dbc07e4?sa=X&amp;ved=2ahUKEwjxxbDO0JfmAhUOlhQKHQByDdYQ_BIwE3oECA0QCA\" target=\"_blank\" rel=\"noopener noreferrer\">https:\/\/www.google.com\/maps\/Atelier LG<\/a>[\/vc_column_text][\/vc_column_inner][vc_column_inner width=\u00a0\u00bb1\/4&Prime; css=\u00a0\u00bb.vc_custom_1542636930667{padding-right: 5% !important;padding-left: 10px !important;}\u00a0\u00bb][vc_column_text]<\/p>\n<h5 style=\"text-align: left;\">Bono&rsquo;L<\/h5>\n<p style=\"text-align: left;\"><span style=\"color: #808080;\">24 et<\/span><span style=\"color: #808080;\">\u00a0 25 Novembre <\/span><span style=\"color: #808080;\">2019<br \/>\nSalle Jean Le M\u00e9n\u00e9,<br \/>\nLe Bono, Morbihan, France<\/span><\/p>\n<p>&nbsp;<\/p>\n<p><span style=\"color: #808080;\">\u00a9 google.fr\/maps<\/span><br \/>\n<a href=\"https:\/\/www.google.com\/maps\/place\/Bono\/@47.6376802,-2.9730404,13z\/data=!3m1!4b1!4m5!3m4!1s0x4810113782b3700d:0x40ca5cd36e2b9e0!8m2!3d47.640443!4d-2.947753\" target=\"_blank\" rel=\"noopener noreferrer\">https:\/\/www.google.com\/maps\/Le-Bono<\/a>[\/vc_column_text][\/vc_column_inner][vc_column_inner width=\u00a0\u00bb1\/4&Prime; css=\u00a0\u00bb.vc_custom_1542637002095{padding-right: 5% !important;padding-left: 10px !important;}\u00a0\u00bb][vc_column_text]<\/p>\n<h5 style=\"text-align: left;\">Exposition d&rsquo;Artistes<\/h5>\n<p style=\"text-align: left;\"><span style=\"color: #808080;\">10 &#8211; 11 et 12 Mai <\/span><span style=\"color: #808080;\">2019<br \/>\nPetit Th\u00e9\u00e2tre d&rsquo;Auray<br \/>\nMorbihan, France<\/span><\/p>\n<p><span style=\"color: #808080;\">\u00a9 google.fr\/maps<\/span><br \/>\n<a href=\"https:\/\/goo.gl\/maps\/dosmFrncB2LjkAe59\" target=\"_blank\" rel=\"noopener noreferrer\">https:\/\/www.google.com\/Petit+Th\u00e9\u00e2tre<\/a><a href=\"https:\/\/www.google.com\/maps\/place\/10bis+Boulevard+de+Stalingrad,+44000+Nantes\/@47.2194548,-1.5375826,17z\/data=!3m1!4b1!4m5!3m4!1s0x4805eec146e1852d:0xf41e0dc3557b46e4!8m2!3d47.2194512!4d-1.5353939\" target=\"_blank\" rel=\"noopener noreferrer\"><br \/>\n<span style=\"color: #808080;\">\u00a9 auray-tourisme.com<br \/>\n<\/span><\/a><a href=\"http:\/\/www.auray-tourisme.com\/\" target=\"_blank\" rel=\"noopener noreferrer\">https:\/\/www.auray-tourisme.com<\/a>[\/vc_column_text][\/vc_column_inner][vc_column_inner width=\u00a0\u00bb1\/4&Prime;][vc_column_text]<\/p>\n<h5 style=\"text-align: left;\">Talents de Femmes<\/h5>\n<p style=\"text-align: left;\"><span style=\"color: #808080;\">30 et<\/span><span style=\"color: #808080;\">\u00a031 Mars <\/span><span style=\"color: #808080;\">2019<br \/>\nVannes, Morbihan, France<br \/>\nParc Chorus<\/span><\/p>\n<p><span style=\"color: #808080;\">\u00a9 google.fr\/maps<\/span><br \/>\n<a href=\"https:\/\/www.google.com\/maps\/place\/Le+Chorus\/@47.637828,-2.7676992,17z\/data=!3m1!4b1!4m5!3m4!1s0x48101e83d77fb7df:0x58d5afc37fa0d4b4!8m2!3d47.6378244!4d-2.7655105\" target=\"_blank\" rel=\"noopener noreferrer\">https:\/\/www.google.com\/maps\/parc Chorus Vannes<\/a><a href=\"https:\/\/www.google.com\/maps\/place\/10bis+Boulevard+de+Stalingrad,+44000+Nantes\/@47.2194548,-1.5375826,17z\/data=!3m1!4b1!4m5!3m4!1s0x4805eec146e1852d:0xf41e0dc3557b46e4!8m2!3d47.2194512!4d-1.5353939\" target=\"_blank\" rel=\"noopener noreferrer\"><br \/>\n<span style=\"color: #808080;\">\u00a9 vannes.fr<br \/>\n<\/span><\/a><a href=\"https:\/\/www.mairie-vannes.fr\/\" target=\"_blank\" rel=\"noopener noreferrer\">https:\/\/www.vannes.fr<\/a>[\/vc_column_text][\/vc_column_inner][\/vc_row_inner][vc_column_text]<\/p>\n<h3><strong>2018<\/strong><\/h3>\n<p>[\/vc_column_text][vc_row_inner css=\u00a0\u00bb.vc_custom_1410358939666{margin-bottom: 20px !important;}\u00a0\u00bb][vc_column_inner width=\u00a0\u00bb1\/3&Prime;][vc_column_text]<\/p>\n<p style=\"text-align: left;\">Salon International G.A.N.F.A<br \/>\n<span style=\"color: #808080;\">du 29 Novembre au 6 D\u00e9cembre 2018<br \/>\n<\/span><span style=\"color: #808080;\">Ancienne Manufacture des Tabacs<br \/>\n<\/span><span style=\"color: #808080;\">Nantes, Loire-Atlantique<\/span><\/p>\n<p>60\u00e8me Congr\u00e8s de la S.P.A.F<br \/>\n<span style=\"color: #808080;\">7 au 9 Septembre 2018<br \/>\n<span style=\"color: #808080;\">Chapelle du Saint Esprit, Auray, Morbihan<\/span><\/span><\/p>\n<p>Congr\u00e8s R\u00e9gional S.P.A.F Bretagne<br \/>\n<span style=\"color: #808080;\">23 &#8211; 24 Juin 2018<br \/>\n<span style=\"color: #808080;\">Espace Etrillard, Saint Nicolas de Redon, Morbihan<\/span><\/span><\/p>\n<p>14\u00e8me journ\u00e9e des Artisans Cr\u00e9ateurs Bretons<br \/>\n<span style=\"color: #808080;\">22 Avril 2018<br \/>\nBaden, Morbihan<\/span>[\/vc_column_text][\/vc_column_inner][\/vc_row_inner][\/vc_column][\/vc_row][vc_row type=\u00a0\u00bbboxed\u00a0\u00bb background_style=\u00a0\u00bbnormal\u00a0\u00bb css=\u00a0\u00bb.vc_custom_1487365316112{margin-top: 75px !important;padding-right: 50px !important;padding-left: 50px !important;}\u00a0\u00bb][vc_column][vc_column_text]<\/p>\n<h3><strong>2017<\/strong><\/h3>\n<p>[\/vc_column_text][vc_row_inner css=\u00a0\u00bb.vc_custom_1410358939666{margin-bottom: 20px !important;}\u00a0\u00bb][vc_column_inner width=\u00a0\u00bb1\/3&Prime; css=\u00a0\u00bb.vc_custom_1443415906747{padding-right: 5% !important;padding-left: 10px !important;}\u00a0\u00bb][vc_column_text]La Palette Clairvalloise<br \/>\n<span style=\"color: #808080;\">Du 9 au 12 Novembre 2017<br \/>\nScorbe-Clairvaux, Vienne, France<\/span><\/p>\n<p>Soci\u00e9t\u00e9 des Po\u00e8tes et Artistes de France<br \/>\nCongr\u00e8s r\u00e9gional de Bretagne<br \/>\n<span style=\"color: #808080;\"> 17 ET 18 Juin 2017<br \/>\nSaint Nicolas de Redon<\/span><\/p>\n<p>Galerie l&rsquo;Art dans l&rsquo;R<br \/>\n<span style=\"color: #808080;\"> du 19 Octobre au 5 Novembre 2017<br \/>\nGen\u00e8ve &#8211; Suisse<\/span><\/p>\n<p>Salon des Artistes <span style=\"color: #808080;\"> du 14 au 23 Juillet 2017 G\u00e2vres, Morbihan<\/span><\/p>\n<p>13\u00e8me Salon des artisans cr\u00e9ateurs bretons <span style=\"color: #808080;\"> 9 Avril 2017 Baden, Morbihan<\/span>[\/vc_column_text][\/vc_column_inner][\/vc_row_inner][\/vc_column][\/vc_row]<\/p>","protected":false},"excerpt":{"rendered":"<p>[vc_row type=\u00a0\u00bbboxed\u00a0\u00bb background_style=\u00a0\u00bbnormal\u00a0\u00bb css=\u00a0\u00bb.vc_custom_1487365316112{margin-top: 75px !important;padding-right: 50px !important;padding-left: 50px !important;}\u00a0\u00bb][vc_column][vc_column_text] 2026 [\/vc_column_text][vc_row_inner][vc_column_inner width=\u00a0\u00bb1\/2&Prime;][vc_column_text] PETITE GALERIE Pavillon d&rsquo;en Bas, Auray, Morbihan Du 17 Avril au 31 Ao\u00fbt 2026 Du mardi au dimanche de 11H \u00e0 18H N&rsquo;h\u00e9sitez pas \u00e0 t\u00e9l\u00e9phoner ! Tel 06 32 21 56 56 Ferm\u00e9 le Lundi 28 rue Philippe Vannier, Auray, Morbihan [&hellip;]<\/p>\n","protected":false},"author":3665,"featured_media":24813,"parent":0,"menu_order":1,"comment_status":"closed","ping_status":"closed","template":"page-full-width.php","meta":{"_exactmetrics_skip_tracking":false,"_exactmetrics_sitenote_active":false,"_exactmetrics_sitenote_note":"","_exactmetrics_sitenote_category":0,"_vp_format_video_url":"","_vp_image_focal_point":[]},"aioseo_notices":[],"_links":{"self":[{"href":"https:\/\/www.magali-willems.com\/fr\/wp-json\/wp\/v2\/pages\/20270"}],"collection":[{"href":"https:\/\/www.magali-willems.com\/fr\/wp-json\/wp\/v2\/pages"}],"about":[{"href":"https:\/\/www.magali-willems.com\/fr\/wp-json\/wp\/v2\/types\/page"}],"author":[{"embeddable":true,"href":"https:\/\/www.magali-willems.com\/fr\/wp-json\/wp\/v2\/users\/3665"}],"replies":[{"embeddable":true,"href":"https:\/\/www.magali-willems.com\/fr\/wp-json\/wp\/v2\/comments?post=20270"}],"version-history":[{"count":285,"href":"https:\/\/www.magali-willems.com\/fr\/wp-json\/wp\/v2\/pages\/20270\/revisions"}],"predecessor-version":[{"id":24986,"href":"https:\/\/www.magali-willems.com\/fr\/wp-json\/wp\/v2\/pages\/20270\/revisions\/24986"}],"wp:featuredmedia":[{"embeddable":true,"href":"https:\/\/www.magali-willems.com\/fr\/wp-json\/wp\/v2\/media\/24813"}],"wp:attachment":[{"href":"https:\/\/www.magali-willems.com\/fr\/wp-json\/wp\/v2\/media?parent=20270"}],"curies":[{"name":"wp","href":"https:\/\/api.w.org\/{rel}","templated":true}]}}