{"id":20270,"date":"2018-02-01T00:45:15","date_gmt":"2018-01-31T23:45:15","guid":{"rendered":"http:\/\/www.magali-willems.com\/?page_id=20270"},"modified":"2026-04-16T20:54:03","modified_gmt":"2026-04-16T18:54:03","slug":"expositions","status":"publish","type":"page","link":"https:\/\/www.magali-willems.com\/en\/expositions\/","title":{"rendered":"Expositions"},"content":{"rendered":"<p>[vc_row type=&#8221;boxed&#8221; background_style=&#8221;normal&#8221; css=&#8221;.vc_custom_1487365316112{margin-top: 75px !important;padding-right: 50px !important;padding-left: 50px !important;}&#8221;][vc_column][vc_column_text]<\/p>\n<h3><span style=\"color: #ec7a5c;\"><strong>2023<\/strong><\/span><\/h3>\n<p>[\/vc_column_text][vc_row_inner css=&#8221;.vc_custom_1410358939666{margin-bottom: 20px !important;}&#8221;][vc_column_inner width=&#8221;1\/5&#8243;][vc_column_text]<\/p>\n<h5 style=\"text-align: left;\">Exposition<br \/>\nau Ch\u00e2teau de Lagord<\/h5>\n<p style=\"text-align: left;\"><span style=\"color: #808080;\">du 25 Janvier au 22 F\u00e9vrier 2023<br \/>\ntous les jours\u00a0 <\/span><\/p>\n<p style=\"text-align: left;\"><span style=\"color: #808080;\">H\u00f4tel du Ch\u00e2teau, Lagord, Charentes Maritimes, France<br \/>\n<\/span><\/p>\n<p><span style=\"color: #808080;\">\u00a9 google.fr\/maps<\/span><br \/>\n<a href=\"https:\/\/www.hotel-du-chateau-la-rochelle.com\/fr\">Se rendre \u00e0 l&#8217;exposition<\/a>[\/vc_column_text][\/vc_column_inner][vc_column_inner width=&#8221;1\/5&#8243; css=&#8221;.vc_custom_1542636930667{padding-right: 5% !important;padding-left: 10px !important;}&#8221;][vc_column_text]<\/p>\n<h5 style=\"text-align: left;\">Le Prix du Jury 2023<br \/>\nGalerie Thuillier<br \/>\nParis 3\u00e8me<\/h5>\n<p style=\"text-align: left;\"><span style=\"color: #808080;\">Du Vendredi 3 au Jeudi 16 F\u00e9vrier 2023<\/span><span style=\"color: #808080;\"><br \/>\n<\/span><span style=\"color: #808080;\">Galerie Thuillier<br \/>\n13 rue de Thorigny<br \/>\n75003 PARIS\u00a0<\/span><\/p>\n<p><span style=\"color: #808080;\">\u00a9 google.fr\/maps<\/span><br \/>\n<a href=\"https:\/\/www.google.fr\/maps\/place\/Galerie+Thuillier\/@48.8600613,2.3610646,17z\/data=!3m1!4b1!4m5!3m4!1s0x47e66e013999cec5:0x92401566b9123b0d!8m2!3d48.8600849!4d2.3632206\" target=\"_blank\" rel=\"noopener noreferrer\">Pour vous y rendre (quartier du Marais)<\/a><a href=\"https:\/\/galeriethuillier.com\/\" target=\"_blank\" rel=\"noopener noreferrer\"><br \/>\n<span style=\"color: #808080;\"><br \/>\nwww.galeriethuillier.com<\/span><\/a>[\/vc_column_text][\/vc_column_inner][vc_column_inner width=&#8221;1\/5&#8243;][vc_column_text]<\/p>\n<h5 style=\"text-align: left;\">Espace Giacomini<br \/>\nSart\u00e8ne<br \/>\nCorse<\/h5>\n<p style=\"text-align: left;\"><span style=\"color: #808080;\">A partir du 15 F\u00e9vrier 2023<\/span><\/p>\n<p style=\"text-align: left;\"><span style=\"color: #808080;\">Ouvert tous les jours<br \/>\nde 10h \u00e0 19 heures <\/span><\/p>\n<p style=\"text-align: left;\"><span style=\"color: #808080;\">Espace Giacomini, 6 cours Soeur Am\u00e9lie, Sart\u00e8ne, Corse,<\/span><span style=\"color: #808080;\"> France<\/span><\/p>\n<p><span style=\"color: #808080;\">\u00a9 google.fr\/maps<\/span><br \/>\n<a href=\"https:\/\/www.google.com\/maps\/place\/6+Cr+Soeur+Am\u00e9lie,+20100+Sart\u00e8ne\/@41.6201415,8.9693899,16.28z\/data=!4m5!3m4!1s0x12da324dbb592e43:0x5d9a49073e0e069d!8m2!3d41.620318!4d8.9722174?hl=fr\" target=\"_blank\" rel=\"noopener noreferrer\">Pour vous y rendre<\/a>[\/vc_column_text][\/vc_column_inner][vc_column_inner width=&#8221;1\/5&#8243; css=&#8221;.vc_custom_1542637002095{padding-right: 5% !important;padding-left: 10px !important;}&#8221;][vc_column_text]<\/p>\n<h5 style=\"text-align: left;\">7\u00e8me Salon d&#8217;Art<br \/>\nBerric<\/h5>\n<p style=\"text-align: left;\"><span style=\"color: #808080;\">Du Vendredi 8 au Lundi 10 Avril 2023<br \/>\nde 10h \u00e0 18 heures <\/span><\/p>\n<p style=\"text-align: left;\"><span style=\"color: #808080;\">Salle omnisport de Berric, Morbihan, France<\/span><\/p>\n<p><span style=\"color: #808080;\">\u00a9 google.fr\/maps<\/span><br \/>\n<a href=\"https:\/\/www.gralon.net\/mairies-france\/morbihan\/equipement-sportif-salle-omnisport-complexe-sportif-berric-6449.htm\" target=\"_blank\" rel=\"noopener noreferrer\">Pour vous y rendre<\/a>[\/vc_column_text][\/vc_column_inner][vc_column_inner width=&#8221;1\/5&#8243;][vc_column_text][\/vc_column_text][\/vc_column_inner][\/vc_row_inner][vc_column_text]<\/p>\n<h3><span style=\"color: #ec7a5c;\"><strong>2022<\/strong><\/span><\/h3>\n<p>[\/vc_column_text][vc_row_inner css=&#8221;.vc_custom_1410358939666{margin-bottom: 20px !important;}&#8221;][vc_column_inner width=&#8221;1\/5&#8243;][vc_column_text]<\/p>\n<h5 style=\"text-align: left;\">Palma 1.0<br \/>\nArtBox projects<br \/>\nCasa Del Arte\u00a0 Espagne<\/h5>\n<p style=\"text-align: left;\"><span style=\"color: #808080;\">Du Lundi 24 Octobre au Samedi 5 Novembre 2022<\/span><span style=\"color: #808080;\"><br \/>\n<\/span><span style=\"color: #808080;\">Casa Del Arte<br \/>\nCosta d&#8217;en Brossa 4B<\/span><\/p>\n<p>Palma de Mallorca<br \/>\nEspagne<\/p>\n<p><span style=\"color: #808080;\">\u00a9 google.fr\/maps<\/span><br \/>\n<a href=\"https:\/\/www.google.fr\/maps\/place\/Galerie+Thuillier\/@48.8600613,2.3610646,17z\/data=!3m1!4b1!4m5!3m4!1s0x47e66e013999cec5:0x92401566b9123b0d!8m2!3d48.8600849!4d2.3632206\" target=\"_blank\" rel=\"noopener noreferrer\">Pour vous y rendre\u00a0<\/a><a href=\"https:\/\/www.casadelartepalma.com\/en\" target=\"_blank\" rel=\"noopener noreferrer\"><br \/>\n<span style=\"color: #808080;\"><br \/>\nwww.casadelarte.com<\/span><\/a>[\/vc_column_text][\/vc_column_inner][vc_column_inner width=&#8221;1\/5&#8243; css=&#8221;.vc_custom_1542636930667{padding-right: 5% !important;padding-left: 10px !important;}&#8221;][vc_column_text]<\/p>\n<h5 style=\"text-align: left;\">2\u00e8me Expo Internationale<br \/>\nd&#8217;Arts Plastiques<br \/>\nLa Rochelle<\/h5>\n<p style=\"text-align: left;\"><span style=\"color: #808080;\">du 20 Octobre au 4 Novembre 2022<br \/>\nde 10 heures \u00e0 19 heures tous les jours<br \/>\n<\/span><span style=\"color: #808080;\"> et 10h \u00e0 20 heures le Samedi<\/span><\/p>\n<p style=\"text-align: left;\"><span style=\"color: #808080;\">Salle de l&#8217;Oratoire, La Rochelle, Charentes Maritimes, France<\/span><\/p>\n<p><span style=\"color: #808080;\">\u00a9 google.fr\/maps<\/span><br \/>\n<a href=\"https:\/\/www.google.com\/maps\/place\/Le+Chorus\/@47.63614,-2.7652316,15z\/data=!4m5!3m4!1s0x0:0x58d5afc37fa0d4b4!8m2!3d47.63614!4d-2.7652316\">Se rendre \u00e0 l&#8217;exposition<\/a>[\/vc_column_text][\/vc_column_inner][vc_column_inner width=&#8221;1\/5&#8243; css=&#8221;.vc_custom_1542637002095{padding-right: 5% !important;padding-left: 10px !important;}&#8221;][vc_column_text]<\/p>\n<h5 style=\"text-align: left;\">Salon de la Rentr\u00e9e 2022<br \/>\nGalerie Thuillier<br \/>\nParis 3\u00e8me<\/h5>\n<p style=\"text-align: left;\"><span style=\"color: #808080;\">Du Vendredi 2 au Jeudi 15 Septembre 2022<\/span><span style=\"color: #808080;\"><br \/>\n<\/span><span style=\"color: #808080;\">Galerie Thuillier<br \/>\n13 rue de Thorigny<br \/>\n75003 PARIS\u00a0<\/span><\/p>\n<p><span style=\"color: #808080;\">\u00a9 google.fr\/maps<\/span><br \/>\n<a href=\"https:\/\/www.google.fr\/maps\/place\/Galerie+Thuillier\/@48.8600613,2.3610646,17z\/data=!3m1!4b1!4m5!3m4!1s0x47e66e013999cec5:0x92401566b9123b0d!8m2!3d48.8600849!4d2.3632206\" target=\"_blank\" rel=\"noopener noreferrer\">Pour vous y rendre (quartier du Marais)<\/a><a href=\"https:\/\/galeriethuillier.com\/\" target=\"_blank\" rel=\"noopener noreferrer\"><br \/>\n<span style=\"color: #808080;\"><br \/>\nwww.galeriethuillier.com<\/span><\/a>[\/vc_column_text][\/vc_column_inner][vc_column_inner width=&#8221;1\/5&#8243;][vc_column_text]<\/p>\n<h5 style=\"text-align: left;\">19\u00e8me Salon Europ\u00e9en<br \/>\nEuro Expo<br \/>\nBelgique<\/h5>\n<p style=\"text-align: left;\"><span style=\"color: #808080;\">Du Jeudi 14 au Dimanche 17 Juillet 2022<\/span><span style=\"color: #808080;\"><br \/>\n<\/span><span style=\"color: #808080;\">Beffroi de Bruges<br \/>\nBruges, Belgique\u00a0\u00a0<\/span><\/p>\n<p><span style=\"color: #808080;\">\u00a9 google.fr\/maps<\/span><br \/>\n<a href=\"https:\/\/www.google.fr\/maps\/place\/Beffroi+de+Bruges\/@51.2081466,3.2248011,17z\/data=!3m1!4b1!4m5!3m4!1s0x47c350daa9690e8b:0x69546ff963bd8158!8m2!3d51.2081466!4d3.2248011\" target=\"_blank\" rel=\"noopener noreferrer\">Pour vous rendre au beffroi de Bruges<\/a><a href=\"https:\/\/www.google.com\/maps\/place\/Palais+des+Arts+et+des+Congr%C3%A8s\/@47.6620063,-2.7633407,17z\/data=!3m1!4b1!4m5!3m4!1s0x48101e9a7877eaef:0xa2de3b1febc07f19!8m2!3d47.6620027!4d-2.761152\" target=\"_blank\" rel=\"noopener noreferrer\"><br \/>\n<span style=\"color: #808080;\"><br \/>\n<\/span><\/a><a href=\"http:\/\/www.visiterbruges.com\/beffroi\" target=\"_blank\" rel=\"noopener noreferrer\">https:\/\/www.visiterbruges.com<\/a>[\/vc_column_text][\/vc_column_inner][vc_column_inner width=&#8221;1\/5&#8243;][vc_column_text]<\/p>\n<h5 style=\"text-align: left;\">Exposition &#8220;Talents de Femmes&#8221;<br \/>\nLe Chorus<br \/>\nVannes<\/h5>\n<p style=\"text-align: left;\"><span style=\"color: #808080;\">Samedi 12 et Dimanche 13 Mars 2022<br \/>\nde 10 heures \u00e0 19 heures et 10h \u00e0 18 heures<br \/>\n<\/span><\/p>\n<p style=\"text-align: left;\"><span style=\"color: #808080;\">Le Chorus, Vannes, Morbihan, France<\/span><\/p>\n<p><span style=\"color: #808080;\">\u00a9 google.fr\/maps<\/span><br \/>\n<a href=\"https:\/\/www.google.com\/maps\/place\/Le+Chorus\/@47.63614,-2.7652316,15z\/data=!4m5!3m4!1s0x0:0x58d5afc37fa0d4b4!8m2!3d47.63614!4d-2.7652316\">Se rendre \u00e0 l&#8217;exposition<\/a><\/p>\n<p><a href=\"https:\/\/www.soroptimist.fr\/annuaire\/?cat=sculpture\" target=\"_blank\" rel=\"noopener noreferrer\">Soroptimist<br \/>\n<span style=\"color: #808080;\">\u00a9 soroptimist.fr\/annuaire<\/span><\/a>[\/vc_column_text][\/vc_column_inner][\/vc_row_inner][vc_column_text]<\/p>\n<h3><span style=\"color: #ec7a5c;\"><strong>2021<\/strong><\/span><\/h3>\n<p>[\/vc_column_text][vc_row_inner css=&#8221;.vc_custom_1410358939666{margin-bottom: 20px !important;}&#8221;][vc_column_inner width=&#8221;1\/3&#8243;][vc_column_text]<\/p>\n<h5 style=\"text-align: left;\">March\u00e9 de No\u00ebl de Baden<br \/>\nSalle du Tumulus &#8211; Baden<\/h5>\n<h5 style=\"text-align: left;\">Inauguration Vendredi 3 D\u00e9cembre 2021 \u00e0 17 heures<\/h5>\n<p style=\"text-align: left;\"><span style=\"color: #808080;\">Samedi 4 et Dimanche 5 D\u00e9cembre 2021<br \/>\n<\/span><span style=\"color: #808080;\">de 10 heures \u00e0 19 heures<br \/>\n<\/span><\/p>\n<p><span style=\"color: #808080;\">Salle Omnisport du Tumulus, Baden, Morbihan, France<\/span><\/p>\n<p><span style=\"color: #808080;\">\u00a9 google.fr\/maps<\/span><br \/>\n<a href=\"https:\/\/www.google.com\/search?q=Salle+omnisports+%22Le+Tumulus%22.+8+rue+Dieudonn%C3%A9+Costes+baden&amp;tbm=lcl&amp;sxsrf=AOaemvK7hGL64uribW54PLkQjH_EGoe6EQ%3A1636799908202&amp;ei=pJWPYYjSC8zSa4LEMA&amp;oq=Salle+omnisports+%22Le+Tumulus%22.+8+rue+Dieudonn%C3%A9+Costes+baden&amp;gs_l=psy-ab.3...384539.387840.0.388311.7.7.0.0.0.0.405.1034.2-1j1j1.3.0....0...1c.1j2.64.psy-ab..4.1.266...33i160k1.0._3DmfN7808Q#rlfi=hd:;si:1271927149230339653,l,CjxTYWxsZSBvbW5pc3BvcnRzICJMZSBUdW11bHVzIi4gOCBydWUgRGlldWRvbm7DqSBDb3N0ZXMgYmFkZW6SARBnZW9jb2RlZF9hZGRyZXNz;mv:[[47.618021177319044,-2.9179454000210256],[47.61766122268098,-2.9184793999789744]]\" target=\"_blank\" rel=\"noopener noreferrer\">Pour vous rendre au March\u00e9 de No\u00ebl<\/a><a href=\"https:\/\/www.google.com\/maps\/place\/Palais+des+Arts+et+des+Congr%C3%A8s\/@47.6620063,-2.7633407,17z\/data=!3m1!4b1!4m5!3m4!1s0x48101e9a7877eaef:0xa2de3b1febc07f19!8m2!3d47.6620027!4d-2.761152\" target=\"_blank\" rel=\"noopener noreferrer\"><br \/>\n<span style=\"color: #808080;\"><br \/>\n<\/span><\/a><a href=\"https:\/\/www.golfedumorbihan.bzh\/explorer-vannes\/decouvrir-vannes\/golfe-morbihan\/autour-golfe\/baden\/\" target=\"_blank\" rel=\"noopener noreferrer\">https:\/\/www.golfedumorbihan\/baden<\/a>[\/vc_column_text][vc_single_image image=&#8221;23311&#8243;][\/vc_column_inner][\/vc_row_inner][vc_column_text]<\/p>\n<h3><span style=\"color: #ec7a5c;\"><strong>2020<\/strong><\/span><\/h3>\n<p>[\/vc_column_text][vc_row_inner css=&#8221;.vc_custom_1410358939666{margin-bottom: 20px !important;}&#8221;][vc_column_inner width=&#8221;1\/3&#8243;][vc_column_text]<\/p>\n<h5 style=\"text-align: left;\">Ch\u00e2teau de Dissay<br \/>\nCulture et Patrimoine<\/h5>\n<p style=\"text-align: left;\"><span style=\"color: #808080;\">Samedi 17 et Dimanche 18 Octobre 2020<br \/>\nde 10 heures \u00e0 19 heures<br \/>\n<\/span><\/p>\n<p style=\"text-align: left;\"><span style=\"color: #808080;\">Ch\u00e2teau de Dissay, Vienne, France<\/span><\/p>\n<p><span style=\"color: #808080;\">\u00a9 google.fr\/maps<\/span><br \/>\n<a href=\"https:\/\/www.google.fr\/maps\/place\/46%C2%B042'00.0%22N+0%C2%B024'00.0%22E\/@46.7,0.3978113,17z\/data=!3m1!4b1!4m5!3m4!1s0x0:0x0!8m2!3d46.7!4d0.4\">Se rendre au Ch\u00e2teau de Dissay<\/a><\/p>\n<p><a href=\"https:\/\/chateaudedissay.com\/fr\/\" target=\"_blank\" rel=\"noopener noreferrer\">D\u00e9couvrir le Ch\u00e2teau :<br \/>\n<span style=\"color: #808080;\">\u00a9 Ch\u00e2teau de Dissay.com<\/span><\/a>[\/vc_column_text][vc_single_image image=&#8221;23311&#8243;][\/vc_column_inner][vc_column_inner width=&#8221;1\/3&#8243; css=&#8221;.vc_custom_1542636930667{padding-right: 5% !important;padding-left: 10px !important;}&#8221;][vc_column_text]<\/p>\n<h5 style=\"text-align: left;\">17\u00e8me salon europ\u00e9en<br \/>\nEuro Expo<\/h5>\n<p style=\"text-align: left;\"><span style=\"color: #808080;\">Du 28 au 31 Ao\u00fbt <\/span><span style=\"color: #808080;\">2020<br \/>\n<\/span><span style=\"color: #808080;\">Beffroi de Bruges<br \/>\nBruges, Belgique\u00a0\u00a0<\/span><\/p>\n<p><span style=\"color: #808080;\">\u00a9 google.fr\/maps<\/span><br \/>\n<a href=\"https:\/\/www.google.fr\/maps\/place\/Beffroi+de+Bruges\/@51.2081466,3.2248011,17z\/data=!3m1!4b1!4m5!3m4!1s0x47c350daa9690e8b:0x69546ff963bd8158!8m2!3d51.2081466!4d3.2248011\" target=\"_blank\" rel=\"noopener noreferrer\">https:\/\/www.google.com\/maps\/beffroi-bruges<\/a><a href=\"https:\/\/www.google.com\/maps\/place\/Palais+des+Arts+et+des+Congr%C3%A8s\/@47.6620063,-2.7633407,17z\/data=!3m1!4b1!4m5!3m4!1s0x48101e9a7877eaef:0xa2de3b1febc07f19!8m2!3d47.6620027!4d-2.761152\" target=\"_blank\" rel=\"noopener noreferrer\"><br \/>\n<span style=\"color: #808080;\"><br \/>\n<\/span><\/a><a href=\"http:\/\/www.visiterbruges.com\/beffroi\" target=\"_blank\" rel=\"noopener noreferrer\">https:\/\/www.visiterbruges.com<\/a>[\/vc_column_text][\/vc_column_inner][vc_column_inner width=&#8221;1\/3&#8243; css=&#8221;.vc_custom_1542637002095{padding-right: 5% !important;padding-left: 10px !important;}&#8221;][vc_column_text]<\/p>\n<h5 style=\"text-align: left;\">Abbadiale &#8211; Maison des Arts<\/h5>\n<p style=\"text-align: left;\"><span style=\"color: #808080;\">27 Juillet au 10 Ao\u00fbt 2020<br \/>\n<\/span><span style=\"color: #808080;\">Maison des Arts<br \/>\n<\/span><span style=\"color: #808080;\">Arras en Lavedan, Hautes-Pyr\u00e9nn\u00e9es, France<\/span><\/p>\n<p><span style=\"color: #808080;\">\u00a9 google.fr\/maps<\/span><br \/>\n<a href=\"https:\/\/www.google.fr\/maps\/place\/L'Abbadiale\/@42.9908495,-0.1298068,17z\/data=!3m1!4b1!4m5!3m4!1s0xd57dae89a1e6ff1:0x1fd06c417bcafefa!8m2!3d42.9908495!4d-0.1276181\" target=\"_blank\" rel=\"noopener noreferrer\">Comment aller \u00e0 l&#8217;abbadiale<\/a><a href=\"http:\/\/www.abbadiale.fr\/\" target=\"_blank\" rel=\"noopener noreferrer\"><br \/>\n<span style=\"color: #808080;\">\u00a9 abbadiale.fr<br \/>\n<\/span><\/a><a href=\"https:\/\/www.abbadiale.fr\" target=\"_blank\" rel=\"noopener noreferrer\">https:\/\/www.abbadiale.fr<\/a>[\/vc_column_text][vc_single_image image=&#8221;23311&#8243;][\/vc_column_inner][\/vc_row_inner][vc_row_inner css=&#8221;.vc_custom_1410358939666{margin-bottom: 20px !important;}&#8221;][vc_column_inner width=&#8221;1\/3&#8243; css=&#8221;.vc_custom_1542637002095{padding-right: 5% !important;padding-left: 10px !important;}&#8221;][vc_column_text]<\/p>\n<h5 style=\"text-align: left;\">L&#8217;Expression par la Mati\u00e8re<\/h5>\n<p style=\"text-align: left;\"><span style=\"color: #808080;\">10 au 17 Octobre 2020<br \/>\nCh\u00e2teau de l&#8217;Hermine<\/span><span style=\"color: #808080;\"><br \/>\nVannes, Morbihan, France<\/span><\/p>\n<p><span style=\"color: #808080;\">\u00a9 google.fr\/maps<\/span><br \/>\n<a href=\"https:\/\/www.google.com\/maps\/dir\/\/chateau+de+l'hermine+vannes\/data=!4m6!4m5!1m1!4e2!1m2!1m1!1s0x48101e834a9c1a37:0xfbee2b29f0baf372?sa=X&amp;ved=2ahUKEwiShomhu_7mAhVIUhoKHcudAg8Q9RcwFHoECAwQDw\" target=\"_blank\" rel=\"noopener noreferrer\">https:\/\/www.google.com\/maps\/chateau de l&#8217;hermine<\/a><a href=\"https:\/\/www.google.com\/maps\/place\/Palais+des+Arts+et+des+Congr%C3%A8s\/@47.6620063,-2.7633407,17z\/data=!3m1!4b1!4m5!3m4!1s0x48101e9a7877eaef:0xa2de3b1febc07f19!8m2!3d47.6620027!4d-2.761152\" target=\"_blank\" rel=\"noopener noreferrer\"><br \/>\n<span style=\"color: #808080;\">\u00a9 vannes.fr<br \/>\n<\/span><\/a><a href=\"https:\/\/www.mairie-vannes.fr\/\" target=\"_blank\" rel=\"noopener noreferrer\">https:\/\/www.vannes.fr<\/a>[\/vc_column_text][\/vc_column_inner][vc_column_inner width=&#8221;1\/3&#8243; css=&#8221;.vc_custom_1542636930667{padding-right: 5% !important;padding-left: 10px !important;}&#8221;][vc_column_text]<\/p>\n<h5 style=\"text-align: left;\">Week-End des Arts<\/h5>\n<p style=\"text-align: left;\"><span style=\"color: #808080;\">21 et<\/span><span style=\"color: #808080;\"> 22 Novembre <\/span><span style=\"color: #808080;\">2020<br \/>\n<\/span><span style=\"color: #808080;\">Palais des Arts<br \/>\nVannes, Morbihan, France<\/span><\/p>\n<p>Organis\u00e9 par le <a href=\"https:\/\/lions-vannesmorbihan.myassoc.org\/\">Lions Club de Vannes<\/a><\/p>\n<p><span style=\"color: #808080;\">\u00a9 google.fr\/maps<\/span><br \/>\n<a href=\"https:\/\/www.google.com\/maps\/place\/Palais+des+Arts+et+des+Congr%C3%A8s\/@47.6620063,-2.7633407,17z\/data=!3m1!4b1!4m5!3m4!1s0x48101e9a7877eaef:0xa2de3b1febc07f19!8m2!3d47.6620027!4d-2.761152\" target=\"_blank\" rel=\"noopener noreferrer\">https:\/\/www.google.com\/maps\/palais-des-arts<\/a><a href=\"https:\/\/www.google.com\/maps\/place\/Palais+des+Arts+et+des+Congr%C3%A8s\/@47.6620063,-2.7633407,17z\/data=!3m1!4b1!4m5!3m4!1s0x48101e9a7877eaef:0xa2de3b1febc07f19!8m2!3d47.6620027!4d-2.761152\" target=\"_blank\" rel=\"noopener noreferrer\"><br \/>\n<span style=\"color: #808080;\">\u00a9 vannes.fr<br \/>\n<\/span><\/a><a href=\"https:\/\/www.mairie-vannes.fr\/\" target=\"_blank\" rel=\"noopener noreferrer\">https:\/\/www.vannes.fr<\/a>[\/vc_column_text][\/vc_column_inner][\/vc_row_inner][vc_column_text]<\/p>\n<h3><span style=\"color: #ec7a5c;\"><strong>2019<\/strong><\/span><\/h3>\n<p>[\/vc_column_text][vc_row_inner css=&#8221;.vc_custom_1410358939666{margin-bottom: 20px !important;}&#8221;][vc_column_inner width=&#8221;1\/4&#8243; css=&#8221;.vc_custom_1542636930667{padding-right: 5% !important;padding-left: 10px !important;}&#8221;][vc_column_text]<\/p>\n<h5 style=\"text-align: left;\">L&#8217;Expression par la Mati\u00e8re<\/h5>\n<p style=\"text-align: left;\"><span style=\"color: #808080;\">Du 13 au 15 D\u00e9c<\/span><span style=\"color: #808080;\">embre <\/span><span style=\"color: #808080;\">2019 <\/span><span style=\"color: #808080;\"><br \/>\nAtelier L.G<br \/>\n8 rue des Thermes<br \/>\nZ.A de Montauban<br \/>\n56340 CARNAC <\/span><\/p>\n<p><span style=\"color: #808080;\">\u00a9 google.fr\/maps<\/span><br \/>\n<a href=\"https:\/\/www.google.com\/maps\/place\/CONCEPT+OPUS+ATELIER+LG\/@47.590234,-3.060463,15z\/data=!4m2!3m1!1s0x0:0x26f2c4828dbc07e4?sa=X&amp;ved=2ahUKEwjxxbDO0JfmAhUOlhQKHQByDdYQ_BIwE3oECA0QCA\" target=\"_blank\" rel=\"noopener noreferrer\">https:\/\/www.google.com\/maps\/Atelier LG<\/a>[\/vc_column_text][\/vc_column_inner][vc_column_inner width=&#8221;1\/4&#8243; css=&#8221;.vc_custom_1542637002095{padding-right: 5% !important;padding-left: 10px !important;}&#8221;][vc_column_text]<\/p>\n<h5 style=\"text-align: left;\">Bono&#8217;L<\/h5>\n<p style=\"text-align: left;\"><span style=\"color: #808080;\">24 et<\/span><span style=\"color: #808080;\">\u00a0 25 Novembre <\/span><span style=\"color: #808080;\">2019<br \/>\nLe Bono, Morbihan, France<br \/>\nSalle Jean Le M\u00e9n\u00e9,<\/span><\/p>\n<p><span style=\"color: #808080;\">\u00a9 google.fr\/maps<\/span><br \/>\n<a href=\"https:\/\/www.google.com\/maps\/place\/Bono\/@47.6376802,-2.9730404,13z\/data=!3m1!4b1!4m5!3m4!1s0x4810113782b3700d:0x40ca5cd36e2b9e0!8m2!3d47.640443!4d-2.947753\" target=\"_blank\" rel=\"noopener noreferrer\">https:\/\/www.google.com\/maps\/Le-Bono<\/a>[\/vc_column_text][\/vc_column_inner][vc_column_inner width=&#8221;1\/4&#8243;][vc_column_text]<\/p>\n<h5 style=\"text-align: left;\">Exposition d&#8217;Artistes<\/h5>\n<p style=\"text-align: left;\"><span style=\"color: #808080;\">10 &#8211; 11 et 12 Mai <\/span><span style=\"color: #808080;\">2019<br \/>\nPetit Th\u00e9\u00e2tre d&#8217;Auray<br \/>\nMorbihan, France<\/span><\/p>\n<p><span style=\"color: #808080;\">\u00a9 google.fr\/maps<\/span><br \/>\n<a href=\"https:\/\/goo.gl\/maps\/dosmFrncB2LjkAe59\" target=\"_blank\" rel=\"noopener noreferrer\">https:\/\/www.google.com\/Petit+Th\u00e9\u00e2tre<\/a><a href=\"https:\/\/www.google.com\/maps\/place\/10bis+Boulevard+de+Stalingrad,+44000+Nantes\/@47.2194548,-1.5375826,17z\/data=!3m1!4b1!4m5!3m4!1s0x4805eec146e1852d:0xf41e0dc3557b46e4!8m2!3d47.2194512!4d-1.5353939\" target=\"_blank\" rel=\"noopener noreferrer\"><br \/>\n<span style=\"color: #808080;\">\u00a9 auray-tourisme.com<br \/>\n<\/span><\/a><a href=\"http:\/\/www.auray-tourisme.com\/\" target=\"_blank\" rel=\"noopener noreferrer\">https:\/\/www.auray-tourisme.com<\/a>[\/vc_column_text][\/vc_column_inner][vc_column_inner width=&#8221;1\/4&#8243;][vc_column_text]<\/p>\n<h5 style=\"text-align: left;\">Talents de Femmes<\/h5>\n<p style=\"text-align: left;\"><span style=\"color: #808080;\">30 et<\/span><span style=\"color: #808080;\">\u00a031 Mars <\/span><span style=\"color: #808080;\">2019<br \/>\nVannes, Morbihan, France<br \/>\nParc Chorus<\/span><\/p>\n<p><span style=\"color: #808080;\">\u00a9 google.fr\/maps<\/span><br \/>\n<a href=\"https:\/\/www.google.com\/maps\/place\/Le+Chorus\/@47.637828,-2.7676992,17z\/data=!3m1!4b1!4m5!3m4!1s0x48101e83d77fb7df:0x58d5afc37fa0d4b4!8m2!3d47.6378244!4d-2.7655105\" target=\"_blank\" rel=\"noopener noreferrer\">https:\/\/www.google.com\/maps\/parc Chorus Vannes<\/a><a href=\"https:\/\/www.google.com\/maps\/place\/10bis+Boulevard+de+Stalingrad,+44000+Nantes\/@47.2194548,-1.5375826,17z\/data=!3m1!4b1!4m5!3m4!1s0x4805eec146e1852d:0xf41e0dc3557b46e4!8m2!3d47.2194512!4d-1.5353939\" target=\"_blank\" rel=\"noopener noreferrer\"><br \/>\n<span style=\"color: #808080;\">\u00a9 vannes.fr<br \/>\n<\/span><\/a><a href=\"https:\/\/www.mairie-vannes.fr\/\" target=\"_blank\" rel=\"noopener noreferrer\">https:\/\/www.vannes.fr<\/a>[\/vc_column_text][\/vc_column_inner][\/vc_row_inner][vc_column_text]<\/p>\n<h3><span style=\"color: #ec7a5c;\"><strong>2018<\/strong><\/span><\/h3>\n<p>[\/vc_column_text][vc_row_inner css=&#8221;.vc_custom_1410358939666{margin-bottom: 20px !important;}&#8221;][vc_column_inner width=&#8221;1\/3&#8243;][vc_column_text]<\/p>\n<h5 style=\"text-align: left;\">Salon International G.A.N.F.A<\/h5>\n<p style=\"text-align: left;\"><span style=\"color: #808080;\">Peinture et Sculpture<br \/>\ndu 29 Novembre au 6 D\u00e9cembre 2018<br \/>\nNantes, Loire-Atlantique, France<br \/>\nAncienne Manufacture des Tabacs<\/span><\/p>\n<p><span style=\"color: #808080;\">\u00a9 google.fr\/maps<\/span><br \/>\n<a href=\"https:\/\/www.google.com\/maps\/place\/10bis+Boulevard+de+Stalingrad,+44000+Nantes\/@47.2194548,-1.5375826,17z\/data=!3m1!4b1!4m5!3m4!1s0x4805eec146e1852d:0xf41e0dc3557b46e4!8m2!3d47.2194512!4d-1.5353939\" target=\"_blank\" rel=\"noopener noreferrer\">https:\/\/www.google.com\/maps\/Manufacture Tabacs- Nantes<\/a><a href=\"https:\/\/www.google.com\/maps\/place\/10bis+Boulevard+de+Stalingrad,+44000+Nantes\/@47.2194548,-1.5375826,17z\/data=!3m1!4b1!4m5!3m4!1s0x4805eec146e1852d:0xf41e0dc3557b46e4!8m2!3d47.2194512!4d-1.5353939\" target=\"_blank\" rel=\"noopener noreferrer\"><br \/>\n<span style=\"color: #808080;\">\u00a9 nantes.fr<br \/>\n<\/span><\/a><a href=\"http:\/\/www.nantes.fr\/home\/a-votre-service\/equipements\/salles-et-espaces\/municipale-manu.html\" target=\"_blank\" rel=\"noopener noreferrer\">https:\/\/www.nantes.fr<br \/>\n<\/a>[\/vc_column_text][\/vc_column_inner][vc_column_inner width=&#8221;1\/3&#8243; css=&#8221;.vc_custom_1542637002095{padding-right: 5% !important;padding-left: 10px !important;}&#8221;][vc_column_text]<\/p>\n<h5 style=\"text-align: left;\">Salon des Arts et de la Po\u00e9sie<\/h5>\n<p style=\"text-align: left;\"><span style=\"color: #808080;\">60\u00e8me congr\u00e8s de la Soci\u00e9t\u00e9 des Po\u00e8tes et Artistes de France<br \/>\n7 &#8211; 8 et 9 Septembre 2018<br \/>\nAuray, Morbihan, France<br \/>\nChapelle du Saint Esprit<\/span><\/p>\n<p><span style=\"color: #808080;\">\u00a9 google.fr\/maps<\/span><br \/>\n<a href=\"https:\/\/www.google.com\/maps\/place\/Chapelle+de+l'Ancien+Couvent+des+Filles+du+Saint-Esprit\/@47.70334,-2.9600382,17z\/data=!3m1!4b1!4m5!3m4!1s0x4810174be6ff7e55:0x6040ac0987710aaf!8m2!3d47.70334!4d-2.9578495\" target=\"_blank\" rel=\"noopener noreferrer\">https:\/\/www.google.com\/maps\/Chapelle<br \/>\n<span style=\"color: #808080;\">\u00a9 auray.fr<br \/>\n<\/span><\/a><a href=\"https:\/\/www.auray.fr\/\" target=\"_blank\" rel=\"noopener noreferrer\">https:\/\/www.auray.fr<br \/>\n<\/a>[\/vc_column_text][\/vc_column_inner][vc_column_inner width=&#8221;1\/3&#8243; css=&#8221;.vc_custom_1542636930667{padding-right: 5% !important;padding-left: 10px !important;}&#8221;][vc_column_text]<\/p>\n<h5 style=\"text-align: left;\"><strong>Exposition\u00a0<\/strong><\/h5>\n<p>Congr\u00e8s r\u00e9gional S.P.A.F Bretagne<br \/>\nSamedi 23 et dimanche 24 Juin 2018<br \/>\n<a href=\"http:\/\/www.saintnicolasderedon.fr\/en\/salle-municipale\/1217\/espace-socioculturel-p-etrillard\" target=\"_blank\" rel=\"noopener noreferrer\">Espace Etrillard<\/a> <span style=\"color: #808080;\">&#8211; Place de Tabago<\/span><br \/>\nSaint Nicolas de Redon (Loire Atlantique), France<\/p>\n<p style=\"text-align: left;\">\u00a9 google.fr\/maps<a href=\"https:\/\/www.google.com\/maps\/place\/Espace+Socioculturel+Pierre+Etrillard\/@47.6449783,-2.0722594,17z\/data=!3m1!4b1!4m5!3m4!1s0x480f9c40c5ec5509:0xbfced510df504a82!8m2!3d47.6449783!4d-2.0700707\" target=\"_blank\" rel=\"noopener noreferrer\"><br \/>\nhttps:\/\/www.google.fr\/maps\/place\/Espace<\/a><\/p>\n<p>[\/vc_column_text][vc_column_text][\/vc_column_text][\/vc_column_inner][\/vc_row_inner][vc_column_text]<\/p>\n<h5 style=\"text-align: left;\"><strong>14\u00e8me journ\u00e9e des artisans cr\u00e9ateurs bretons<\/strong><\/h5>\n<p style=\"text-align: left;\">Dimanche 22 Avril 2018<br \/>\nBaden, Morbihan, France<\/p>\n<p style=\"text-align: left;\">\u00a9 baden.fr<br \/>\n<a href=\"http:\/\/www.baden.fr\" target=\"_blank\" rel=\"noopener noreferrer\">http:\/\/www.baden.fr<\/a><br \/>\n\u00a9 google.fr\/maps<br \/>\n<a href=\"https:\/\/www.google.com\/maps\/place\/Baden\" target=\"_blank\" rel=\"noopener noreferrer\">https:\/\/www.google.com\/maps\/place\/Baden<\/a><\/p>\n<p>[\/vc_column_text][\/vc_column][\/vc_row][vc_row type=&#8221;boxed&#8221; background_style=&#8221;normal&#8221; css=&#8221;.vc_custom_1487365316112{margin-top: 75px !important;padding-right: 50px !important;padding-left: 50px !important;}&#8221;][vc_column][vc_column_text]<\/p>\n<h3><span style=\"color: #ec7a5c;\"><strong>2017<\/strong><\/span><\/h3>\n<p>[\/vc_column_text][vc_row_inner css=&#8221;.vc_custom_1410358939666{margin-bottom: 20px !important;}&#8221;][vc_column_inner width=&#8221;1\/3&#8243; css=&#8221;.vc_custom_1443415906747{padding-right: 5% !important;padding-left: 10px !important;}&#8221;][vc_column_text]<\/p>\n<h5><strong>La Palette Clairvalloise<\/strong><\/h5>\n<p><span style=\"color: #808080;\">Du 9 au 12 Novembre 2017<br \/>\nScorbe-Clairvaux, Vienne, France<\/span><\/p>\n<p><span style=\"color: #808080;\">\u00a9 wixsite.com<br \/>\n<a href=\"https:\/\/lapaletteclairvall.wixsite.com\/lapalette\" target=\"_blank\" rel=\"noopener noreferrer\">https:\/\/lapaletteclairvall.wixsite.com\/lapalette<\/a><\/span>[\/vc_column_text][vc_column_text]<\/p>\n<h5><strong>Soci\u00e9t\u00e9 des Po\u00e8tes et Artistes de France<\/strong><\/h5>\n<p><span style=\"color: #808080;\">Congr\u00e8s R\u00e9gional Bretagne 2017<br \/>\nSamedi 17 et Dimanche 18 Juin 2017<br \/>\nEspace Etrillard, Saint-Nicolas-de-Redon, Loire-Atlantique, France<\/span><\/p>\n<p><span style=\"color: #808080;\">\u00a9 spaf-bretagne.com<br \/>\n<a href=\"http:\/\/www.spaf-bretagne.com\" target=\"_blank\" rel=\"noopener noreferrer\">http:\/\/www.spaf-bretagne.com<\/a><br \/>\n\u00a9 google.fr\/maps<br \/>\n<a href=\"https:\/\/www.google.fr\/maps\/place\/Espace+Socioculturel+Pierre+Etrillard\" target=\"_blank\" rel=\"noopener noreferrer\">https:\/\/www.google.fr\/maps\/place\/Espace+Socioculturel+Pierre+Etrillard<\/a><\/span>[\/vc_column_text][\/vc_column_inner][vc_column_inner width=&#8221;1\/3&#8243; css=&#8221;.vc_custom_1443415917948{padding-right: 5% !important;padding-left: 10px !important;}&#8221;][vc_column_text]<\/p>\n<h5><strong>Galerie \u00ab L\u2019Art dans l\u2019R \u00bb<\/strong><\/h5>\n<p><span style=\"color: #808080;\">Du 19 Octobre au 5 Novembre 2017<br \/>\nGen\u00e8ve, Suisse<\/span><\/p>\n<p><span style=\"color: #808080;\">\u00a9 proju.ch<br \/>\n<a href=\"http:\/\/www.proju.ch\/L-Art-dans-L-R\">http:\/\/www.proju.ch\/L-Art-dans-L-R<\/a><br \/>\n\u00a9 facebook<br \/>\n<a href=\"https:\/\/www.facebook.com\/galerielArtdanslR\" target=\"_blank\" rel=\"noopener noreferrer\">https:\/\/www.facebook.com\/galerielArtdanslR<\/a><\/span>[\/vc_column_text][vc_column_text]<\/p>\n<h5><strong>March\u00e9s de l\u2019Artisanat Saint-Goustan<\/strong><\/h5>\n<p><span style=\"color: #808080;\">Les dimanches 21 Mai et 11 Juin 2017<br \/>\nAuray, Morbihan, France<\/span><\/p>\n<p><span style=\"color: #808080;\">\u00a9 google.fr\/maps<br \/>\n<a href=\"https:\/\/www.google.fr\/maps\/place\/Saint-Goustan\" target=\"_blank\" rel=\"noopener noreferrer\">https:\/\/www.google.fr\/maps\/place\/Saint-Goustan<\/a><br \/>\n\u00a9 facebook<br \/>\n<a href=\"https:\/\/www.facebook.com\/Auray.Saint.Goustan\" target=\"_blank\" rel=\"noopener noreferrer\">https:\/\/www.facebook.com\/Auray.Saint.Goustan<\/a><\/span>[\/vc_column_text][\/vc_column_inner][vc_column_inner width=&#8221;1\/3&#8243;][vc_column_text]<\/p>\n<h5><strong>Salon Artgavr\u20192017<\/strong><\/h5>\n<p><span style=\"color: #808080;\">Salon des Artistes<br \/>\nDu 14 au 23 Juillet 2017<br \/>\nG\u00e2vres, Morbihan, France<\/span><\/p>\n<p><span style=\"color: #808080;\">\u00a9 google.fr\/maps<br \/>\n<a href=\"https:\/\/www.google.fr\/maps\/place\" target=\"_blank\" rel=\"noopener noreferrer\">https:\/\/www.google.fr\/maps\/place<\/a><\/span>[\/vc_column_text][vc_column_text]<\/p>\n<h5><strong>13\u00e8me journ\u00e9e des artisans cr\u00e9ateurs bretons<\/strong><\/h5>\n<p><span style=\"color: #808080;\">Dimanche 9 Avril 2017<br \/>\nBaden, Morbihan, France<\/span><\/p>\n<p><span style=\"color: #808080;\">\u00a9 baden.fr<br \/>\n<a href=\"http:\/\/www.baden.fr\" target=\"_blank\" rel=\"noopener noreferrer\">http:\/\/www.baden.fr<\/a><br \/>\n\u00a9 google.fr\/maps<br \/>\n<a href=\"https:\/\/www.google.fr\/maps\/baden\" target=\"_blank\" rel=\"noopener noreferrer\">https:\/\/www.google.fr\/maps\/baden<\/a><\/span>[\/vc_column_text][\/vc_column_inner][\/vc_row_inner][\/vc_column][\/vc_row]<\/p>","protected":false},"excerpt":{"rendered":"<p>[vc_row type=&#8221;boxed&#8221; background_style=&#8221;normal&#8221; css=&#8221;.vc_custom_1487365316112{margin-top: 75px !important;padding-right: 50px !important;padding-left: 50px !important;}&#8221;][vc_column][vc_column_text] 2023 [\/vc_column_text][vc_row_inner css=&#8221;.vc_custom_1410358939666{margin-bottom: 20px !important;}&#8221;][vc_column_inner width=&#8221;1\/5&#8243;][vc_column_text] Exposition au Ch\u00e2teau de Lagord du 25 Janvier au 22 F\u00e9vrier 2023 tous les jours\u00a0 H\u00f4tel du Ch\u00e2teau, Lagord, Charentes Maritimes, France \u00a9 google.fr\/maps Se rendre \u00e0 l&#8217;exposition[\/vc_column_text][\/vc_column_inner][vc_column_inner width=&#8221;1\/5&#8243; css=&#8221;.vc_custom_1542636930667{padding-right: 5% !important;padding-left: 10px !important;}&#8221;][vc_column_text] Le Prix du Jury 2023 [&hellip;]<\/p>\n","protected":false},"author":3665,"featured_media":24813,"parent":0,"menu_order":1,"comment_status":"closed","ping_status":"closed","template":"page-full-width.php","meta":{"_exactmetrics_skip_tracking":false,"_exactmetrics_sitenote_active":false,"_exactmetrics_sitenote_note":"","_exactmetrics_sitenote_category":0,"_vp_format_video_url":"","_vp_image_focal_point":[]},"aioseo_notices":[],"_links":{"self":[{"href":"https:\/\/www.magali-willems.com\/en\/wp-json\/wp\/v2\/pages\/20270"}],"collection":[{"href":"https:\/\/www.magali-willems.com\/en\/wp-json\/wp\/v2\/pages"}],"about":[{"href":"https:\/\/www.magali-willems.com\/en\/wp-json\/wp\/v2\/types\/page"}],"author":[{"embeddable":true,"href":"https:\/\/www.magali-willems.com\/en\/wp-json\/wp\/v2\/users\/3665"}],"replies":[{"embeddable":true,"href":"https:\/\/www.magali-willems.com\/en\/wp-json\/wp\/v2\/comments?post=20270"}],"version-history":[{"count":285,"href":"https:\/\/www.magali-willems.com\/en\/wp-json\/wp\/v2\/pages\/20270\/revisions"}],"predecessor-version":[{"id":24986,"href":"https:\/\/www.magali-willems.com\/en\/wp-json\/wp\/v2\/pages\/20270\/revisions\/24986"}],"wp:featuredmedia":[{"embeddable":true,"href":"https:\/\/www.magali-willems.com\/en\/wp-json\/wp\/v2\/media\/24813"}],"wp:attachment":[{"href":"https:\/\/www.magali-willems.com\/en\/wp-json\/wp\/v2\/media?parent=20270"}],"curies":[{"name":"wp","href":"https:\/\/api.w.org\/{rel}","templated":true}]}}